{"id":13797,"date":"2023-09-11T10:05:41","date_gmt":"2023-09-11T10:05:41","guid":{"rendered":"https:\/\/www.fincalasnuevas.com\/caminito-del-rey\/"},"modified":"2026-03-21T14:25:13","modified_gmt":"2026-03-21T14:25:13","slug":"caminito-del-rey","status":"publish","type":"page","link":"https:\/\/fincalasnuevas.com\/de\/caminito-del-rey\/","title":{"rendered":"Caminito del Rey"},"content":{"rendered":"<p>[et_pb_section fb_built=&#8220;1&#8243; fullwidth=&#8220;on&#8220; _builder_version=&#8220;4.21.0&#8243; animation_style=&#8220;slide&#8220; animation_direction=&#8220;top&#8220; animation_intensity_slide=&#8220;2%&#8220; animation_starting_opacity=&#8220;100%&#8220; global_colors_info=&#8220;{}&#8220;][et_pb_fullwidth_header title=&#8220;@ET-DC@eyJkeW5hbWljIjp0cnVlLCJjb250ZW50IjoicG9zdF90aXRsZSIsInNldHRpbmdzIjp7ImJlZm9yZSI6IjxoMT4iLCJhZnRlciI6IjwvaDE+In19@&#8220; content_max_width=&#8220;1000px&#8220; _builder_version=&#8220;4.23&#8243; _dynamic_attributes=&#8220;title&#8220; title_font=&#8220;Lato||||||||&#8220; title_font_size=&#8220;60px&#8220; title_line_height=&#8220;1.2em&#8220; content_font=&#8220;||||||||&#8220; content_font_size=&#8220;20px&#8220; content_line_height=&#8220;1.8em&#8220; background_color=&#8220;rgba(255, 255, 255, 0)&#8220; use_background_color_gradient=&#8220;on&#8220; background_color_gradient_type=&#8220;elliptical&#8220; background_color_gradient_direction_radial=&#8220;bottom&#8220; background_color_gradient_stops=&#8220;rgba(0,0,0,0.75) 0%|rgba(0,0,0,0) 53%&#8220; background_color_gradient_overlays_image=&#8220;on&#8220; background_color_gradient_start=&#8220;rgba(0,0,0,0.75)&#8220; background_color_gradient_end=&#8220;rgba(0,0,0,0)&#8220; background_image=&#8220;https:\/\/fincalasnuevas.com\/wp-content\/uploads\/2023\/09\/Caminito-del-Rey.jpeg&#8220; custom_button_one=&#8220;on&#8220; button_one_text_size=&#8220;18px&#8220; button_one_bg_color=&#8220;#02d002&#8243; button_one_border_width=&#8220;8px&#8220; button_one_border_color=&#8220;#02d002&#8243; button_one_border_radius=&#8220;0px&#8220; button_one_letter_spacing=&#8220;1px&#8220; button_one_font=&#8220;Lato|700|||||||&#8220; button_one_use_icon=&#8220;off&#8220; custom_button_two=&#8220;on&#8220; button_two_text_size=&#8220;18px&#8220; button_two_text_color=&#8220;#353740&#8243; button_two_bg_color=&#8220;#ffffff&#8220; button_two_border_width=&#8220;8px&#8220; button_two_border_color=&#8220;#ffffff&#8220; button_two_border_radius=&#8220;0px&#8220; button_two_letter_spacing=&#8220;1px&#8220; button_two_font=&#8220;Lato|700|||||||&#8220; button_two_use_icon=&#8220;off&#8220; custom_margin=&#8220;|||&#8220; custom_padding=&#8220;10%||10%|&#8220; title_font_size_tablet=&#8220;60px&#8220; title_font_size_phone=&#8220;40px&#8220; title_font_size_last_edited=&#8220;on|phone&#8220; background_last_edited=&#8220;on|phone&#8220; background_position_phone=&#8220;bottom_right&#8220; button_one_letter_spacing_hover=&#8220;1px&#8220; button_two_letter_spacing_hover=&#8220;1px&#8220; global_colors_info=&#8220;{}&#8220; button_one_text_size__hover_enabled=&#8220;off&#8220; button_two_text_size__hover_enabled=&#8220;off&#8220; button_one_text_color__hover_enabled=&#8220;off&#8220; button_two_text_color__hover_enabled=&#8220;off&#8220; button_one_border_width__hover_enabled=&#8220;off&#8220; button_two_border_width__hover_enabled=&#8220;off&#8220; button_one_border_color__hover_enabled=&#8220;off&#8220; button_two_border_color__hover_enabled=&#8220;off&#8220; button_one_border_radius__hover_enabled=&#8220;off&#8220; button_two_border_radius__hover_enabled=&#8220;off&#8220; button_one_letter_spacing__hover_enabled=&#8220;on&#8220; button_one_letter_spacing__hover=&#8220;1px&#8220; button_two_letter_spacing__hover_enabled=&#8220;on&#8220; button_two_letter_spacing__hover=&#8220;1px&#8220; button_one_bg_color__hover_enabled=&#8220;off&#8220; button_two_bg_color__hover_enabled=&#8220;off&#8220;]<\/p>\n<p>Der Caminito del Rey, der K\u00f6nigsweg, steht bei vielen unserer G\u00e4ste auf dem Programm. Dieser Weg war fr\u00fcher vor allem Bergsteigern und Wagemutigen bekannt. Seit 2015 ist er f\u00fcr alle schwindelfreien Menschen zug\u00e4nglich.  <\/p>\n<p>&nbsp;<\/p>\n<p>&nbsp;<\/p>\n<p>[\/et_pb_fullwidth_header][\/et_pb_section][et_pb_section fb_built=&#8220;1&#8243; custom_padding_last_edited=&#8220;on|phone&#8220; admin_label=&#8220;Market Information Section&#8220; _builder_version=&#8220;4.22.2&#8243; background_enable_image=&#8220;off&#8220; background_size=&#8220;custom&#8220; background_image_width=&#8220;21%&#8220; background_position=&#8220;center_left&#8220; background_horizontal_offset=&#8220;-10%&#8220; custom_padding=&#8220;||3em||false|false&#8220; custom_padding_tablet=&#8220;3em||3em||true|false&#8220; custom_padding_phone=&#8220;1em||2em||false|false&#8220; global_colors_info=&#8220;{}&#8220;][et_pb_row column_structure=&#8220;1_3,2_3&#8243; custom_padding_last_edited=&#8220;on|tablet&#8220; admin_label=&#8220;Market Information Title Area&#8220; _builder_version=&#8220;4.21.0&#8243; custom_padding=&#8220;2em|0px|2em|0px|true|false&#8220; custom_padding_tablet=&#8220;0em|0px|1em|0px|false|false&#8220; custom_padding_phone=&#8220;0px|0px|0px|0px|true|false&#8220; global_colors_info=&#8220;{}&#8220;][et_pb_column type=&#8220;1_3&#8243; _builder_version=&#8220;4.16&#8243; custom_padding=&#8220;|||&#8220; global_colors_info=&#8220;{}&#8220; custom_padding__hover=&#8220;|||&#8220;][et_pb_text admin_label=&#8220;Title&#8220; _builder_version=&#8220;4.22.0&#8243; text_font=&#8220;||||||||&#8220; header_font=&#8220;||||||||&#8220; header_2_font=&#8220;Lato||||||||&#8220; header_2_font_size=&#8220;36px&#8220; header_2_line_height=&#8220;1.5em&#8220; custom_margin=&#8220;||-19px|||&#8220; custom_margin_phone=&#8220;||||false|false&#8220; custom_margin_last_edited=&#8220;off|phone&#8220; custom_padding=&#8220;|||&#8220; custom_padding_phone=&#8220;||||false|false&#8220; custom_padding_last_edited=&#8220;off|phone&#8220; animation_direction=&#8220;left&#8220; header_2_font_size_tablet=&#8220;36px&#8220; header_2_font_size_phone=&#8220;32px&#8220; header_2_font_size_last_edited=&#8220;on|phone&#8220; global_colors_info=&#8220;{}&#8220;]<\/p>\n<h2>Der Caminito del Rey ist eine Wanderung in der H\u00f6he<\/h2>\n<p>[\/et_pb_text][\/et_pb_column][et_pb_column type=&#8220;2_3&#8243; _builder_version=&#8220;4.16&#8243; custom_padding=&#8220;|||&#8220; global_colors_info=&#8220;{}&#8220; custom_padding__hover=&#8220;|||&#8220;][et_pb_text _builder_version=&#8220;4.22.0&#8243; _module_preset=&#8220;default&#8220; link_text_color=&#8220;#F47A36&#8243; custom_margin_tablet=&#8220;&#8220; custom_margin_phone=&#8220;||1em||false|false&#8220; custom_margin_last_edited=&#8220;on|phone&#8220; custom_padding=&#8220;||0px|||&#8220; custom_padding_phone=&#8220;||||false|false&#8220; custom_padding_last_edited=&#8220;off|phone&#8220; global_colors_info=&#8220;{}&#8220; link_text_color__hover_enabled=&#8220;on|hover&#8220; link_text_color__hover=&#8220;#B5BA05&#8243;]<\/p>\n<p>Der Caminito del Rey f\u00fchrt \u00fcber einen einfachen, aber spektakul\u00e4ren, drei Kilometer langen Bohlenweg in der H\u00f6he. Der Weg scheint an eine senkrechte Felswand geklebt zu sein, mit flie\u00dfendem Wasser weit unter dir und einer weiteren senkrechten Felswand neben dir.  <\/p>\n<p>Der Weg schwebt mehr als hundert Meter \u00fcber dem Fluss Guadalhorce. Die Aussichten sind atemberaubend. Hier und da kann man noch den alten Originalweg sehen.  <\/p>\n<p>[\/et_pb_text][\/et_pb_column][\/et_pb_row][et_pb_row _builder_version=&#8220;4.21.0&#8243; _module_preset=&#8220;default&#8220; background_color=&#8220;#54752B&#8220; custom_padding=&#8220;1em|1em|1em|1em|true|true&#8220; border_radii=&#8220;on|5px|5px|5px|5px&#8220; box_shadow_style=&#8220;preset3&#8243; global_colors_info=&#8220;{}&#8220;][et_pb_column type=&#8220;4_4&#8243; _builder_version=&#8220;4.21.0&#8243; _module_preset=&#8220;default&#8220; global_colors_info=&#8220;{}&#8220;][et_pb_text _builder_version=&#8220;4.27.6&#8243; _module_preset=&#8220;default&#8220; text_text_color=&#8220;#E0E6D9&#8243; header_text_color=&#8220;#263614&#8243; header_2_text_color=&#8220;#F47A36&#8243; header_3_text_color=&#8220;#263614&#8243; global_colors_info=&#8220;{}&#8220; background__hover_enabled=&#8220;off|hover&#8220; background_color__hover=&#8220;#8300E9&#8243; background_enable_color__hover=&#8220;on&#8220;]<\/p>\n<h2>Was sollte man f\u00fcr einen Besuch des Caminito del Rey wissen?<\/h2>\n<p>Um den Caminito del Rey zu besuchen, musst du dir im Voraus eine Eintrittskarte besorgen. Dazu sp\u00e4ter mehr. <\/p>\n<ul>\n<li>Der Schwierigkeitsgrad der Wanderung wird auf der Website des Caminito del Rey unserer Meinung nach etwas \u00fcbertrieben dargestellt. F\u00fcr jeden, der \u00fcber eine normale Kondition verf\u00fcgt und keine H\u00f6henangst hat, ist die 7,7 km lange Strecke durchaus machbar. Abgesehen vom Terrassenweg verl\u00e4uft die Route auf sandigen Wegen mit einigen Stufen hier und da. Der H\u00f6henunterschied ist gering, so dass die Strecke in dieser Hinsicht nicht schwierig ist.   <\/li>\n<li>Der Weg ist (noch) kein Rundwanderweg. Am Endpunkt kannst du den Bus zur\u00fcck zum Ausgangspunkt nehmen. <\/li>\n<li>Kinder unter acht Jahren d\u00fcrfen aus Sicherheitsgr\u00fcnden nicht mitgenommen werden.<\/li>\n<li>F\u00fcr die Wanderung sollte man mindestens 2-2,5 Stunden einplanen.<\/li>\n<li>Auf dem letzten Teil der Wanderung gibt es nur wenig Schutz. Wenn du im Sommer wandert, denk daran, Sonnenschutzmittel und eine M\u00fctze mitzunehmen. Wenn du die Zeit frei w\u00e4hlen kannst, empfehlen wir dir, eine Eintrittskarte f\u00fcr den Vormittag oder den sp\u00e4ten Nachmittag (nach 17 Uhr) zu kaufen. <\/li>\n<\/ul>\n<p>&nbsp;<\/p>\n<p>[\/et_pb_text][\/et_pb_column][\/et_pb_row][\/et_pb_section][et_pb_section fb_built=&#8220;1&#8243; custom_padding_last_edited=&#8220;on|phone&#8220; admin_label=&#8220;Market Information Section&#8220; _builder_version=&#8220;4.23.1&#8243; background_color=&#8220;#E0E6D9&#8243; background_image=&#8220;https:\/\/fincalasnuevas.com\/wp-content\/uploads\/2023\/07\/zonnetje-finca-las-nuevas.png&#8220; background_size=&#8220;custom&#8220; background_image_width=&#8220;17%&#8220; background_position=&#8220;top_left&#8220; background_vertical_offset=&#8220;9%&#8220; custom_padding=&#8220;3em||3em||true|false&#8220; custom_padding_tablet=&#8220;3em||3em||true|false&#8220; custom_padding_phone=&#8220;1em||1em||true|false&#8220; background_last_edited=&#8220;on|phone&#8220; background_image_width_tablet=&#8220;19%&#8220; background_horizontal_offset_tablet=&#8220;99%&#8220; background_vertical_offset_tablet=&#8220;4%&#8220; background_vertical_offset_phone=&#8220;1%&#8220; global_colors_info=&#8220;{}&#8220;][et_pb_row _builder_version=&#8220;4.21.2&#8243; _module_preset=&#8220;default&#8220; background_color=&#8220;RGBA(255,255,255,0)&#8220; custom_padding=&#8220;1em|1em|1em|1em|true|true&#8220; border_radii=&#8220;on|5px|5px|5px|5px&#8220; global_colors_info=&#8220;{}&#8220;][et_pb_column type=&#8220;4_4&#8243; _builder_version=&#8220;4.21.0&#8243; _module_preset=&#8220;default&#8220; global_colors_info=&#8220;{}&#8220;][et_pb_text _builder_version=&#8220;4.27.6&#8243; _module_preset=&#8220;default&#8220; text_text_color=&#8220;#000000&#8243; header_text_color=&#8220;#263614&#8243; header_2_text_color=&#8220;#F47A36&#8243; header_3_text_color=&#8220;#263614&#8243; global_colors_info=&#8220;{}&#8220; background__hover_enabled=&#8220;off|hover&#8220; background_color__hover=&#8220;#8300E9&#8243; background_enable_color__hover=&#8220;on&#8220;]<\/p>\n<h2>Wie kann man Eintrittskarten f\u00fcr den Caminito del Rey bestellen?<\/h2>\n<p>Immer mehr Menschen wollen den Caminito del Rey besuchen. Gegenw\u00e4rtig ist die Zahl der Personen, die den Pfad t\u00e4glich besuchen d\u00fcrfen, begrenzt. Daher Eintrittskarten weit im Voraus bestellen. Das kannst du auf der Website des <a href=\"https:\/\/www.caminitodelrey.info\/en\" target=\"_blank\" rel=\"noopener\">Caminito del Rey<\/a> tun.    Aber es gibt Optionen. Wir erz\u00e4hlen Ihnen davon in unserem <a href=\"https:\/\/fincalasnuevas.com\/hoe-kom-ik-aan-entreekaarten-voor-caminito-del-rey\/\" target=\"_blank\" rel=\"noopener\">Blog \u00fcber den Caminito del Rey. <\/a><\/p>\n<p>[\/et_pb_text][\/et_pb_column][\/et_pb_row][\/et_pb_section][et_pb_section fb_built=&#8220;1&#8243; custom_padding_last_edited=&#8220;on|phone&#8220; admin_label=&#8220;Feature Section&#8220; _builder_version=&#8220;4.21.0&#8243; min_height=&#8220;1700px&#8220; custom_padding=&#8220;5em||1em||false|false&#8220; custom_padding_tablet=&#8220;0em||1em||false|false&#8220; custom_padding_phone=&#8220;1em||||false|false&#8220; global_colors_info=&#8220;{}&#8220;][et_pb_row column_structure=&#8220;1_2,1_2&#8243; admin_label=&#8220;Feature 02 Area&#8220; _builder_version=&#8220;4.27.4&#8243; background_color=&#8220;#B5BA05&#8243; min_height=&#8220;543px&#8220; height=&#8220;262px&#8220; max_height=&#8220;1000px&#8220; custom_margin=&#8220;||3em||false|false&#8220; custom_padding=&#8220;0px|0px|0px|0px||&#8220; global_colors_info=&#8220;{}&#8220;][et_pb_column type=&#8220;1_2&#8243; _builder_version=&#8220;4.16&#8243; custom_padding=&#8220;5%|5%|5%|5%&#8220; custom_padding_tablet=&#8220;0px|0px|0px|0px&#8220; custom_padding_last_edited=&#8220;off|desktop&#8220; global_colors_info=&#8220;{}&#8220; padding_tablet=&#8220;0px|0px|0px|0px&#8220; padding_last_edited=&#8220;off|desktop&#8220; custom_padding__hover=&#8220;|||&#8220;][et_pb_text admin_label=&#8220;Title&#8220; _builder_version=&#8220;4.27.4&#8243; text_font=&#8220;||||||||&#8220; text_font_size=&#8220;16px&#8220; text_line_height=&#8220;1.8em&#8220; header_font=&#8220;||||||||&#8220; header_2_font=&#8220;Lato||||||||&#8220; header_2_text_color=&#8220;#263614&#8243; header_2_font_size=&#8220;36px&#8220; header_2_line_height=&#8220;1.5em&#8220; background_layout=&#8220;dark&#8220; module_alignment=&#8220;center&#8220; custom_margin=&#8220;||15px|&#8220; custom_padding=&#8220;|||&#8220; animation_direction=&#8220;left&#8220; header_2_font_size_tablet=&#8220;36px&#8220; header_2_font_size_phone=&#8220;32px&#8220; header_2_font_size_last_edited=&#8220;on|phone&#8220; locked=&#8220;off&#8220; global_colors_info=&#8220;{}&#8220;]<\/p>\n<h3>Caminito del Rey krijgerh\u00e4lt eine neue H\u00e4ngebr\u00fccke<\/h3>\n<p>[\/et_pb_text][et_pb_text _builder_version=&#8220;4.27.4&#8243; text_font=&#8220;||||||||&#8220; text_line_height=&#8220;1.8em&#8220; link_text_color=&#8220;#54752B&#8220; header_font=&#8220;||||||||&#8220; header_text_color=&#8220;#54752B&#8220; header_3_text_color=&#8220;#B5BA05&#8243; background_layout=&#8220;dark&#8220; max_width=&#8220;525px&#8220; module_alignment=&#8220;left&#8220; animation_style=&#8220;flip&#8220; animation_direction=&#8220;left&#8220; animation_intensity_flip=&#8220;20%&#8220; animation_starting_opacity=&#8220;100%&#8220; locked=&#8220;off&#8220; global_colors_info=&#8220;{}&#8220; link_text_color__hover_enabled=&#8220;on|desktop&#8220; link_text_color__hover=&#8220;#B5BA05&#8243;]<\/p>\n<p>Der Bau einer 110 Meter langen H\u00e4ngebr\u00fccke am Ende des Caminito del Rey wird im M\u00e4rz 2025 beginnen. Damit haben die Besucher die M\u00f6glichkeit, das letzte St\u00fcck des von vielen als langweilig empfundenen Weges um einen Kilometer zu verk\u00fcrzen. Wenn alles gut geht, wird die Br\u00fccke im November 2025 fertiggestellt sein.  <\/p>\n<p>Dann j\u00e4hrt sich nicht nur die Fertigstellung des Caminito del Rey zum 120. Mal, sondern auch die Renovierung des Caminito del Rey vor 10 Jahren.<\/p>\n<p>[\/et_pb_text][\/et_pb_column][et_pb_column type=&#8220;1_2&#8243; _builder_version=&#8220;4.16&#8243; custom_padding=&#8220;|||&#8220; global_colors_info=&#8220;{}&#8220; custom_padding__hover=&#8220;|||&#8220;][et_pb_image src=&#8220;https:\/\/fincalasnuevas.com\/wp-content\/uploads\/2025\/03\/Caminito-del-Rey-nieuwe-hangbrug.jpg&#8220; alt=&#8220;Caminito del Rey eine neue H\u00e4ngebr\u00fccke&#8220; title_text=&#8220;Caminito del Rey eine neue H\u00e4ngebr\u00fccke&#8220; force_fullwidth=&#8220;on&#8220; align_tablet=&#8220;center&#8220; align_phone=&#8220;center&#8220; align_last_edited=&#8220;on|desktop&#8220; _builder_version=&#8220;4.27.4&#8243; min_height=&#8220;345px&#8220; height=&#8220;618px&#8220; custom_margin=&#8220;-40px||-40px|&#8220; custom_padding=&#8220;|40px||&#8220; animation_style=&#8220;slide&#8220; animation_direction=&#8220;left&#8220; animation_intensity_slide=&#8220;8%&#8220; animation_starting_opacity=&#8220;100%&#8220; box_shadow_style=&#8220;preset1&#8243; box_shadow_blur=&#8220;80px&#8220; global_colors_info=&#8220;{}&#8220;][\/et_pb_image][\/et_pb_column][\/et_pb_row][et_pb_row custom_padding_last_edited=&#8220;on|phone&#8220; admin_label=&#8220;Quote Text Area&#8220; _builder_version=&#8220;4.21.2&#8243; custom_padding=&#8220;0px|0px||0px|false|false&#8220; custom_padding_tablet=&#8220;2em|0px||0px|false|false&#8220; custom_padding_phone=&#8220;0em|0px|0em|0px|true|false&#8220; global_colors_info=&#8220;{}&#8220;][et_pb_column type=&#8220;4_4&#8243; _builder_version=&#8220;4.16&#8243; custom_padding=&#8220;|||&#8220; global_colors_info=&#8220;{}&#8220; custom_padding__hover=&#8220;|||&#8220;][et_pb_text _builder_version=&#8220;4.23.1&#8243; _module_preset=&#8220;default&#8220; custom_margin=&#8220;||67px|||&#8220; global_colors_info=&#8220;{}&#8220;]<\/p>\n<h2>Was ist, wenn man keine Eintrittskarte f\u00fcr den Caminito del Rey bekommen kann?<\/h2>\n<p>Die Gegend um El Chorro, wo sich der Caminito del Rey befindet, ist wundersch\u00f6n. Hier kann man sich leicht einen ganzen Tag lang am\u00fcsieren. Auch wenn du keine Eintrittskarte hast, lese weiter&#8230; <\/p>\n<p>&#8230;Im Jahr 2020 wird in der N\u00e4he des Caminito del Rey ein neues Besucherzentrum entstehen. Von hier aus fahren Busse zum Eingang des Wanderwegs. Wenn du an diesem Zentrum vorbeif\u00e4hrst, gelangst du nach dem Tunnel zu einem weiteren Parkplatz. Wenn du hier ein St\u00fcck weitergehst, kannst du durch einen langen dunklen Tunnel gehen und schon etwas von der Schlucht sehen.    Hier kannst du einen sch\u00f6nen Spaziergang machen.<\/p>\n<p>[\/et_pb_text][\/et_pb_column][\/et_pb_row][et_pb_row column_structure=&#8220;1_2,1_2&#8243; admin_label=&#8220;Feature 02 Area&#8220; _builder_version=&#8220;4.23.1&#8243; background_color=&#8220;#F47A36&#8243; min_height=&#8220;543px&#8220; height=&#8220;262px&#8220; max_height=&#8220;1000px&#8220; custom_margin=&#8220;||3em||false|false&#8220; custom_padding=&#8220;0px|0px|0px|0px||&#8220; global_colors_info=&#8220;{}&#8220;][et_pb_column type=&#8220;1_2&#8243; _builder_version=&#8220;4.16&#8243; custom_padding=&#8220;5%|5%|5%|5%&#8220; custom_padding_tablet=&#8220;0px|0px|0px|0px&#8220; custom_padding_last_edited=&#8220;off|desktop&#8220; global_colors_info=&#8220;{}&#8220; padding_tablet=&#8220;0px|0px|0px|0px&#8220; padding_last_edited=&#8220;off|desktop&#8220; custom_padding__hover=&#8220;|||&#8220;][et_pb_text admin_label=&#8220;Title&#8220; _builder_version=&#8220;4.23.1&#8243; text_font=&#8220;||||||||&#8220; text_font_size=&#8220;16px&#8220; text_line_height=&#8220;1.8em&#8220; header_font=&#8220;||||||||&#8220; header_2_font=&#8220;Lato||||||||&#8220; header_2_text_color=&#8220;#263614&#8243; header_2_font_size=&#8220;36px&#8220; header_2_line_height=&#8220;1.5em&#8220; background_layout=&#8220;dark&#8220; module_alignment=&#8220;center&#8220; custom_margin=&#8220;||15px|&#8220; custom_padding=&#8220;|||&#8220; animation_direction=&#8220;left&#8220; header_2_font_size_tablet=&#8220;36px&#8220; header_2_font_size_phone=&#8220;32px&#8220; header_2_font_size_last_edited=&#8220;on|phone&#8220; locked=&#8220;off&#8220; global_colors_info=&#8220;{}&#8220;][\/et_pb_text][et_pb_text _builder_version=&#8220;4.23.1&#8243; text_font=&#8220;||||||||&#8220; text_line_height=&#8220;1.8em&#8220; link_text_color=&#8220;#54752B&#8220; header_font=&#8220;||||||||&#8220; header_text_color=&#8220;#54752B&#8220; header_3_text_color=&#8220;#B5BA05&#8243; background_layout=&#8220;dark&#8220; max_width=&#8220;525px&#8220; module_alignment=&#8220;left&#8220; animation_style=&#8220;flip&#8220; animation_direction=&#8220;left&#8220; animation_intensity_flip=&#8220;20%&#8220; animation_starting_opacity=&#8220;100%&#8220; locked=&#8220;off&#8220; global_colors_info=&#8220;{}&#8220; link_text_color__hover_enabled=&#8220;on|desktop&#8220; link_text_color__hover=&#8220;#B5BA05&#8243;]<\/p>\n<p>In der waldreichen Umgebung mit sch\u00f6nen Bergen liegen auch die t\u00fcrkisfarbenen <a href=\"https:\/\/fincalasnuevas.com\/de\/schwimmen-in-einem-suesswassersee-in-andalusien\/\" target=\"_blank\" rel=\"noopener\">Seen von Ardales.<\/a> Ein herrlicher Ort f\u00fcr einen Sprung ins Wasser oder eine Kanutour.<\/p>\n<p>Etwas weiter steht eine <a href=\"https:\/\/fincalasnuevas.com\/de\/die-maurische-kultur-in-andalusien-das-bobastro\/\" target=\"_blank\" rel=\"noopener\">Kirche<\/a> aus maurischer Zeit, ausgehackt aus den Felsen und ein Besuch sicher wert.<\/p>\n<p>In den <a href=\"https:\/\/fincalasnuevas.com\/de\/ebooks-mit-tipps-fur-einen-tollen-urlaub-in-andalusien\/\" target=\"_blank\" rel=\"noopener\">ebook-walking trails<\/a> ist eine Wanderung beschrieben durch die Berge bei Granada, die eine gute Alternative sind f\u00fcr den Caminito del Rey<\/p>\n<p>[\/et_pb_text][\/et_pb_column][et_pb_column type=&#8220;1_2&#8243; _builder_version=&#8220;4.16&#8243; custom_padding=&#8220;|||&#8220; global_colors_info=&#8220;{}&#8220; custom_padding__hover=&#8220;|||&#8220;][et_pb_image src=&#8220;https:\/\/fincalasnuevas.com\/wp-content\/uploads\/2023\/09\/De-hangbrug-van-Caminito-del-Rey.jpeg&#8220; alt=&#8220;Die H\u00e4ngebr\u00fccke Caminito del Rey&#8220; title_text=&#8220;Die H\u00e4ngebr\u00fccke Caminito del Rey&#8220; force_fullwidth=&#8220;on&#8220; align_tablet=&#8220;center&#8220; align_phone=&#8220;center&#8220; align_last_edited=&#8220;on|desktop&#8220; _builder_version=&#8220;4.22.0&#8243; custom_margin=&#8220;-40px||-40px|&#8220; custom_padding=&#8220;|40px||&#8220; animation_style=&#8220;slide&#8220; animation_direction=&#8220;left&#8220; animation_intensity_slide=&#8220;8%&#8220; animation_starting_opacity=&#8220;100%&#8220; box_shadow_style=&#8220;preset1&#8243; box_shadow_blur=&#8220;80px&#8220; global_colors_info=&#8220;{}&#8220;][\/et_pb_image][\/et_pb_column][\/et_pb_row][et_pb_row custom_padding_last_edited=&#8220;on|phone&#8220; admin_label=&#8220;Quote Text Area&#8220; _builder_version=&#8220;4.21.2&#8243; custom_padding=&#8220;0px|0px||0px|false|false&#8220; custom_padding_tablet=&#8220;2em|0px||0px|false|false&#8220; custom_padding_phone=&#8220;0em|0px|0em|0px|true|false&#8220; global_colors_info=&#8220;{}&#8220;][et_pb_column type=&#8220;4_4&#8243; _builder_version=&#8220;4.16&#8243; custom_padding=&#8220;|||&#8220; global_colors_info=&#8220;{}&#8220; custom_padding__hover=&#8220;|||&#8220;][et_pb_text _builder_version=&#8220;4.23.4&#8243; _module_preset=&#8220;default&#8220; custom_padding_tablet=&#8220;4em||||false|false&#8220; custom_padding_phone=&#8220;4em||||false|false&#8220; custom_padding_last_edited=&#8220;on|tablet&#8220; global_colors_info=&#8220;{}&#8220;]<\/p>\n<h2>Wie ist der Caminitio del Rey entstanden?<\/h2>\n<p>Einige wohlhabende Herren aus M\u00e1laga hatten die Idee, eine Eisenbahnlinie zu bauen, die M\u00e1laga mit C\u00f3rdoba verbinden sollte. Auf diese Weise k\u00f6nnten Waren aus dem fruchtbaren Hinterland in beide St\u00e4dte transportiert werden. Man denke an Oliven, Gem\u00fcse und Obst. Aber auch Kohle wurde nach M\u00e1laga transportiert, um sie in den dortigen Fabriken zu verwenden.   <\/p>\n<p>Im Jahr 1860 wurde mit dem Bau der 192 Kilometer langen Eisenbahnstrecke begonnen. Der schwierigste Abschnitt war der heutige Caminito del Rey. Das felsige Gel\u00e4nde war selbst f\u00fcr Pferde schwer zu begehen.  <\/p>\n<p>Als die Eisenbahn 1866 fertiggestellt wurde, wuchsen die D\u00f6rfer rund um den Desfiladero de los Gaitanes, wie die Schlucht in der N\u00e4he des Dorfes El Chorro genannt wird, an. Weitere Orte, die von der Eisenbahn profitierten, waren Las Mellizas, \u00c1lora, Pizarra und C\u00e1rtama. <\/p>\n<h3>Das Wasserkraftwerk<\/h3>\n<p>Ende des 19. Jahrhunderts und zu Beginn des spanischen B\u00fcrgerkriegs entstanden die ersten Elektrizit\u00e4tswerke in Spanien. M\u00e1laga war die erste andalusische Stadt mit Stromanschluss. Zun\u00e4chst wurde der Strom von einem deutschen und einem britischen Unternehmen geliefert.  <\/p>\n<p>Die Provinz M\u00e1laga \u00e4nderte dies, indem sie zu dieser Zeit den Guadalhorce-Staudamm in der N\u00e4he von El Chorro baute und begann, ihren eigenen Strom zu erzeugen.<\/p>\n<p>Der K\u00f6nig kam sogar, um sich das anzusehen. Sp\u00e4ter wurde ein zweiter Damm gebaut. Alle Baumaterialien wurden mit dem Zug herangeschafft und dann mit Maultieren auf den schmalen Pfaden weiter transportiert, die heute Caminito del Rey genannt werden!  <\/p>\n<p>Mit anderen Worten: der Weg, auf dem K\u00f6nig Alfonso XII. wandelte, der K\u00f6nigsweg.<\/p>\n<p>[\/et_pb_text][\/et_pb_column][\/et_pb_row][\/et_pb_section][et_pb_section fb_built=&#8220;1&#8243; use_custom_gutter=&#8220;on&#8220; gutter_width=&#8220;1&#8243; specialty=&#8220;on&#8220; padding_top_1=&#8220;0px&#8220; padding_bottom_1=&#8220;0px&#8220; admin_label=&#8220;Image Gallery Section&#8220; module_class=&#8220; et_pb_specialty_fullwidth&#8220; _builder_version=&#8220;4.16&#8243; inner_width=&#8220;100%&#8220; inner_width_tablet=&#8220;100%&#8220; inner_width_phone=&#8220;100%&#8220; inner_width_last_edited=&#8220;on|desktop&#8220; inner_max_width=&#8220;100%&#8220; inner_max_width_tablet=&#8220;100%&#8220; inner_max_width_phone=&#8220;100%&#8220; inner_max_width_last_edited=&#8220;on|desktop&#8220; custom_padding=&#8220;0px|0px|0px|0px&#8220; make_fullwidth=&#8220;on&#8220; global_colors_info=&#8220;{}&#8220;][et_pb_column type=&#8220;1_2&#8243; _builder_version=&#8220;4.16&#8243; custom_padding=&#8220;|||&#8220; global_colors_info=&#8220;{}&#8220; custom_padding__hover=&#8220;|||&#8220;][et_pb_image src=&#8220;https:\/\/fincalasnuevas.com\/wp-content\/uploads\/2023\/09\/het-oude-en-het-nieuwe-pad-van-de-Caminito-del-Rey.jpeg&#8220; alt=&#8220;der alte und der neue Weg des Caminito del Rey&#8220; title_text=&#8220;sch\u00f6ne Str\u00e4nde in Andalusien&#8220; force_fullwidth=&#8220;on&#8220; align_tablet=&#8220;center&#8220; align_phone=&#8220;center&#8220; align_last_edited=&#8220;on|desktop&#8220; admin_label=&#8220;Grote vierkante foto&#8220; _builder_version=&#8220;4.22.0&#8243; custom_margin=&#8220;|||&#8220; box_shadow_style=&#8220;preset7&#8243; box_shadow_horizontal=&#8220;0px&#8220; box_shadow_vertical=&#8220;0px&#8220; box_shadow_spread=&#8220;8px&#8220; box_shadow_color=&#8220;#ffffff&#8220; locked=&#8220;off&#8220; global_colors_info=&#8220;{}&#8220;][\/et_pb_image][\/et_pb_column][et_pb_column type=&#8220;1_2&#8243; specialty_columns=&#8220;2&#8243; _builder_version=&#8220;4.16&#8243; custom_padding=&#8220;|||&#8220; global_colors_info=&#8220;{}&#8220; custom_padding__hover=&#8220;|||&#8220;][et_pb_row_inner _builder_version=&#8220;4.16&#8243; custom_padding=&#8220;0px|0px|0px|0px&#8220; global_colors_info=&#8220;{}&#8220;][et_pb_column_inner saved_specialty_column_type=&#8220;1_2&#8243; _builder_version=&#8220;3.0.47&#8243; global_colors_info=&#8220;{}&#8220;][et_pb_image src=&#8220;https:\/\/fincalasnuevas.com\/wp-content\/uploads\/2023\/09\/De-Caminito-del-Rey-in-de-verte.jpeg&#8220; alt=&#8220;Der Caminito del Rey in der Ferne&#8220; title_text=&#8220;Der Caminito del Rey in der Ferne&#8220; force_fullwidth=&#8220;on&#8220; align_tablet=&#8220;center&#8220; align_phone=&#8220;center&#8220; align_last_edited=&#8220;on|desktop&#8220; admin_label=&#8220;Langwerpige foto&#8220; _builder_version=&#8220;4.22.0&#8243; custom_margin=&#8220;|||&#8220; box_shadow_style=&#8220;preset7&#8243; box_shadow_horizontal=&#8220;0px&#8220; box_shadow_vertical=&#8220;0px&#8220; box_shadow_spread=&#8220;8px&#8220; box_shadow_color=&#8220;#ffffff&#8220; locked=&#8220;off&#8220; global_colors_info=&#8220;{}&#8220;][\/et_pb_image][\/et_pb_column_inner][\/et_pb_row_inner][et_pb_row_inner column_structure=&#8220;1_2,1_2&#8243; use_custom_gutter=&#8220;on&#8220; gutter_width=&#8220;1&#8243; _builder_version=&#8220;4.16&#8243; custom_padding=&#8220;0px|0px|0px|0px&#8220; global_colors_info=&#8220;{}&#8220;][et_pb_column_inner type=&#8220;1_2&#8243; saved_specialty_column_type=&#8220;1_2&#8243; _builder_version=&#8220;3.0.47&#8243; global_colors_info=&#8220;{}&#8220;][et_pb_image src=&#8220;https:\/\/fincalasnuevas.com\/wp-content\/uploads\/2023\/09\/het-pad-van-de-Caminito-del-Rey.jpeg&#8220; alt=&#8220;der Weg des Caminito del Rey&#8220; title_text=&#8220;der Weg des Caminito del Rey&#8220; force_fullwidth=&#8220;on&#8220; align_tablet=&#8220;center&#8220; align_phone=&#8220;center&#8220; align_last_edited=&#8220;on|desktop&#8220; admin_label=&#8220;Klein vierkante foto links&#8220; _builder_version=&#8220;4.22.0&#8243; custom_margin=&#8220;|||&#8220; box_shadow_style=&#8220;preset7&#8243; box_shadow_horizontal=&#8220;0px&#8220; box_shadow_vertical=&#8220;0px&#8220; box_shadow_spread=&#8220;8px&#8220; box_shadow_color=&#8220;#ffffff&#8220; locked=&#8220;off&#8220; global_colors_info=&#8220;{}&#8220;][\/et_pb_image][\/et_pb_column_inner][et_pb_column_inner type=&#8220;1_2&#8243; saved_specialty_column_type=&#8220;1_2&#8243; _builder_version=&#8220;3.0.47&#8243; global_colors_info=&#8220;{}&#8220;][et_pb_image src=&#8220;https:\/\/fincalasnuevas.com\/wp-content\/uploads\/2023\/09\/Het-einde-van-de-kloof-van-de-Caminito-del-Rey.jpeg&#8220; alt=&#8220;Das Ende der Schlucht des Caminito del Rey&#8220; title_text=&#8220;Das Ende der Schlucht des Caminito del Rey&#8220; force_fullwidth=&#8220;on&#8220; align_tablet=&#8220;center&#8220; align_phone=&#8220;center&#8220; align_last_edited=&#8220;on|desktop&#8220; admin_label=&#8220;Klein vierkante foto rechts&#8220; _builder_version=&#8220;4.22.0&#8243; custom_margin=&#8220;|||&#8220; box_shadow_style=&#8220;preset7&#8243; box_shadow_horizontal=&#8220;0px&#8220; box_shadow_vertical=&#8220;0px&#8220; box_shadow_spread=&#8220;8px&#8220; box_shadow_color=&#8220;#ffffff&#8220; locked=&#8220;off&#8220; global_colors_info=&#8220;{}&#8220;][\/et_pb_image][\/et_pb_column_inner][\/et_pb_row_inner][\/et_pb_column][\/et_pb_section][et_pb_section fb_built=&#8220;1&#8243; custom_padding_last_edited=&#8220;on|phone&#8220; admin_label=&#8220;Feature Section&#8220; _builder_version=&#8220;4.21.0&#8243; custom_padding=&#8220;3em||3em||true|false&#8220; custom_padding_tablet=&#8220;3em||3em||true|false&#8220; custom_padding_phone=&#8220;0em||0em||true|false&#8220; global_colors_info=&#8220;{}&#8220;][et_pb_row _builder_version=&#8220;4.21.0&#8243; _module_preset=&#8220;default&#8220; global_colors_info=&#8220;{}&#8220;][et_pb_column type=&#8220;4_4&#8243; _builder_version=&#8220;4.21.0&#8243; _module_preset=&#8220;default&#8220; global_colors_info=&#8220;{}&#8220;][et_pb_video src=&#8220;https:\/\/youtu.be\/pJwYvWVuzzQ&#8220; _builder_version=&#8220;4.22.0&#8243; _module_preset=&#8220;default&#8220; box_shadow_style=&#8220;preset3&#8243; global_colors_info=&#8220;{}&#8220;][\/et_pb_video][\/et_pb_column][\/et_pb_row][et_pb_row custom_padding_last_edited=&#8220;on|phone&#8220; admin_label=&#8220;Quote Text Area&#8220; _builder_version=&#8220;4.21.2&#8243; custom_padding=&#8220;0px|0px||0px|false|false&#8220; custom_padding_tablet=&#8220;2em|0px||0px|false|false&#8220; custom_padding_phone=&#8220;0em|0px|0em|0px|true|false&#8220; global_colors_info=&#8220;{}&#8220;][et_pb_column type=&#8220;4_4&#8243; _builder_version=&#8220;4.16&#8243; custom_padding=&#8220;|||&#8220; global_colors_info=&#8220;{}&#8220; custom_padding__hover=&#8220;|||&#8220;][et_pb_text _builder_version=&#8220;4.27.6&#8243; _module_preset=&#8220;default&#8220; custom_padding_tablet=&#8220;4em||||false|false&#8220; custom_padding_phone=&#8220;4em||||false|false&#8220; custom_padding_last_edited=&#8220;on|tablet&#8220; global_colors_info=&#8220;{}&#8220;]<\/p>\n<h2>H\u00e4ufig gestellte Fragen zum Caminito del Rey<\/h2>\n<p>&nbsp;<\/p>\n<p>[\/et_pb_text][et_pb_toggle title=&#8220;Wie kaufe ich Tickets f\u00fcr den Caminito del Rey?&#8220; open_toggle_text_color=&#8220;#FFFFFF&#8220; open_toggle_background_color=&#8220;#54752B&#8220; closed_toggle_background_color=&#8220;#54752B&#8220; icon_color=&#8220;#FFFFFF&#8220; toggle_icon=&#8220;&#xf055;||fa||900&#8243; use_icon_font_size=&#8220;on&#8220; icon_font_size=&#8220;24px&#8220; open_icon_color=&#8220;#FFFFFF&#8220; open_toggle_icon=&#8220;&#xf055;||fa||900&#8243; open_use_icon_font_size=&#8220;on&#8220; open_icon_font_size=&#8220;24px&#8220; _builder_version=&#8220;4.27.6&#8243; _module_preset=&#8220;default&#8220; title_text_color=&#8220;#FFFFFF&#8220; body_text_color=&#8220;#FFFFFF&#8220; custom_margin=&#8220;||2em||false|false&#8220; custom_margin_tablet=&#8220;||2em||false|false&#8220; custom_margin_phone=&#8220;||1em||false|false&#8220; custom_margin_last_edited=&#8220;on|phone&#8220; hover_enabled=&#8220;0&#8243; global_colors_info=&#8220;{}&#8220; open_toggle_background_color__hover_enabled=&#8220;on|hover&#8220; open_toggle_background_color__hover=&#8220;#F47A36&#8243; closed_toggle_background_color__hover_enabled=&#8220;on|desktop&#8220; closed_toggle_background_color__hover=&#8220;#F47A36&#8243; sticky_enabled=&#8220;0&#8243;]<\/p>\n<p>Auf der Website des Caminito del Rey. Weitere Informationen zu Eintrittskarten f\u00fcr den Caminito del Rey finden Sie in diesem <a href=\"https:\/\/fincalasnuevas.com\/en\/how-do-i-get-tickets-for-caminito-del-rey\/\" target=\"_blank\" rel=\"noopener\">Blog<\/a>.<\/p>\n<p>[\/et_pb_toggle][et_pb_toggle title=&#8220;Wie lange dauert die Wanderung \u00fcber den Caminito del Rey?&#8220; open_toggle_text_color=&#8220;#FFFFFF&#8220; open_toggle_background_color=&#8220;#54752B&#8220; closed_toggle_background_color=&#8220;#54752B&#8220; icon_color=&#8220;#FFFFFF&#8220; toggle_icon=&#8220;&#xf055;||fa||900&#8243; use_icon_font_size=&#8220;on&#8220; icon_font_size=&#8220;24px&#8220; open_icon_color=&#8220;#FFFFFF&#8220; open_toggle_icon=&#8220;&#xf055;||fa||900&#8243; open_use_icon_font_size=&#8220;on&#8220; open_icon_font_size=&#8220;24px&#8220; _builder_version=&#8220;4.27.6&#8243; _module_preset=&#8220;default&#8220; title_text_color=&#8220;#FFFFFF&#8220; body_text_color=&#8220;#FFFFFF&#8220; custom_margin=&#8220;||2em||false|false&#8220; custom_margin_tablet=&#8220;||2em||false|false&#8220; custom_margin_phone=&#8220;||1em||false|false&#8220; custom_margin_last_edited=&#8220;on|phone&#8220; global_colors_info=&#8220;{}&#8220; open_toggle_background_color__hover_enabled=&#8220;on|hover&#8220; open_toggle_background_color__hover=&#8220;#F47A36&#8243; closed_toggle_background_color__hover_enabled=&#8220;on|desktop&#8220; closed_toggle_background_color__hover=&#8220;#F47A36&#8243;]<\/p>\n<p>Die Wanderung ist 7 km lang und hat nur geringe H\u00f6henunterschiede, daher ist sie f\u00fcr die meisten gut zu bew\u00e4ltigen. Man sollte etwa zwei Stunden einplanen. <\/p>\n<p>[\/et_pb_toggle][et_pb_toggle title=&#8220;Ist der Caminito del Rey f\u00fcr Menschen mit H\u00f6henangst geeignet?&#8220; open_toggle_text_color=&#8220;#FFFFFF&#8220; open_toggle_background_color=&#8220;#54752B&#8220; closed_toggle_background_color=&#8220;#54752B&#8220; icon_color=&#8220;#FFFFFF&#8220; toggle_icon=&#8220;&#xf055;||fa||900&#8243; use_icon_font_size=&#8220;on&#8220; icon_font_size=&#8220;24px&#8220; open_icon_color=&#8220;#FFFFFF&#8220; open_toggle_icon=&#8220;&#xf055;||fa||900&#8243; open_use_icon_font_size=&#8220;on&#8220; open_icon_font_size=&#8220;24px&#8220; _builder_version=&#8220;4.27.6&#8243; _module_preset=&#8220;default&#8220; title_text_color=&#8220;#FFFFFF&#8220; body_text_color=&#8220;#FFFFFF&#8220; custom_margin=&#8220;||2em||false|false&#8220; custom_margin_tablet=&#8220;||2em||false|false&#8220; custom_margin_phone=&#8220;||1em||false|false&#8220; custom_margin_last_edited=&#8220;on|phone&#8220; global_colors_info=&#8220;{}&#8220; open_toggle_background_color__hover_enabled=&#8220;on|hover&#8220; open_toggle_background_color__hover=&#8220;#F47A36&#8243; closed_toggle_background_color__hover_enabled=&#8220;on|desktop&#8220; closed_toggle_background_color__hover=&#8220;#F47A36&#8243;]<\/p>\n<p>Das kommt darauf an. Viele G\u00e4ste mit leichter H\u00f6henangst fanden den Weg gut machbar. Die H\u00e4ngebr\u00fccke ist oft der spannendste Teil, aber dort steht immer ein Mitarbeiter des Caminito del Rey, den man fragen kann, ob man die Br\u00fccke alleine \u00fcberqueren darf, ohne andere Besucher.  <\/p>\n<p>[\/et_pb_toggle][et_pb_toggle title=&#8220;Was kann man sonst noch in der Umgebung des Caminito del Rey unternehmen?&#8220; open_toggle_text_color=&#8220;#FFFFFF&#8220; open_toggle_background_color=&#8220;#54752B&#8220; closed_toggle_background_color=&#8220;#54752B&#8220; icon_color=&#8220;#FFFFFF&#8220; toggle_icon=&#8220;&#xf055;||fa||900&#8243; use_icon_font_size=&#8220;on&#8220; icon_font_size=&#8220;24px&#8220; open_icon_color=&#8220;#FFFFFF&#8220; open_toggle_icon=&#8220;&#xf055;||fa||900&#8243; open_use_icon_font_size=&#8220;on&#8220; open_icon_font_size=&#8220;24px&#8220; _builder_version=&#8220;4.27.6&#8243; _module_preset=&#8220;default&#8220; title_text_color=&#8220;#FFFFFF&#8220; body_text_color=&#8220;#FFFFFF&#8220; custom_margin=&#8220;||2em||false|false&#8220; custom_margin_tablet=&#8220;||2em||false|false&#8220; custom_margin_phone=&#8220;||1em||false|false&#8220; custom_margin_last_edited=&#8220;on|phone&#8220; hover_enabled=&#8220;0&#8243; global_colors_info=&#8220;{}&#8220; open_toggle_background_color__hover_enabled=&#8220;on|hover&#8220; open_toggle_background_color__hover=&#8220;#F47A36&#8243; closed_toggle_background_color__hover_enabled=&#8220;on|desktop&#8220; closed_toggle_background_color__hover=&#8220;#F47A36&#8243; sticky_enabled=&#8220;0&#8243;]<\/p>\n<p>In der Umgebung des Caminito del Rey gibt es sch\u00f6ne Stauseen, in denen man wunderbar schwimmen, Kanu fahren und Stand-up-Paddeln kann. <a href=\"https:\/\/fincalasnuevas.com\/de\/schwimmen-in-einem-suesswassersee-in-andalusien\/\" target=\"_blank\" rel=\"noopener\">Lesen Sie hier weiter.<\/a><\/p>\n<p>[\/et_pb_toggle][et_pb_toggle title=&#8220;Ist der Caminito del Rey mit \u00f6ffentlichen Verkehrsmitteln erreichbar?&#8220; open_toggle_text_color=&#8220;#FFFFFF&#8220; open_toggle_background_color=&#8220;#54752B&#8220; closed_toggle_background_color=&#8220;#54752B&#8220; icon_color=&#8220;#FFFFFF&#8220; toggle_icon=&#8220;&#xf055;||fa||900&#8243; use_icon_font_size=&#8220;on&#8220; icon_font_size=&#8220;24px&#8220; open_icon_color=&#8220;#FFFFFF&#8220; open_toggle_icon=&#8220;&#xf055;||fa||900&#8243; open_use_icon_font_size=&#8220;on&#8220; open_icon_font_size=&#8220;24px&#8220; _builder_version=&#8220;4.27.6&#8243; _module_preset=&#8220;default&#8220; title_text_color=&#8220;#FFFFFF&#8220; body_text_color=&#8220;#FFFFFF&#8220; custom_margin=&#8220;||2em||false|false&#8220; custom_margin_tablet=&#8220;||2em||false|false&#8220; custom_margin_phone=&#8220;||1em||false|false&#8220; custom_margin_last_edited=&#8220;on|phone&#8220; global_colors_info=&#8220;{}&#8220; open_toggle_background_color__hover_enabled=&#8220;on|hover&#8220; open_toggle_background_color__hover=&#8220;#F47A36&#8243; closed_toggle_background_color__hover_enabled=&#8220;on|desktop&#8220; closed_toggle_background_color__hover=&#8220;#F47A36&#8243;]<\/p>\n<p>Ja, man kann von M\u00e1laga aus den Zug nach El Chorro nehmen. Von dort aus kann man mit dem Bus zum Eingang des Caminito del Rey fahren. <\/p>\n<p>[\/et_pb_toggle][\/et_pb_column][\/et_pb_row][\/et_pb_section][et_pb_section fb_built=&#8220;1&#8243; custom_padding_last_edited=&#8220;on|phone&#8220; _builder_version=&#8220;4.22.2&#8243; _module_preset=&#8220;default&#8220; custom_padding=&#8220;0px||4em||false|false&#8220; custom_padding_tablet=&#8220;0px||||false|false&#8220; custom_padding_phone=&#8220;0px||2em||false|false&#8220; saved_tabs=&#8220;all&#8220; global_colors_info=&#8220;{}&#8220;][et_pb_row column_structure=&#8220;1_3,1_3,1_3&#8243; use_custom_gutter=&#8220;on&#8220; gutter_width=&#8220;2&#8243; make_equal=&#8220;on&#8220; module_id=&#8220;vijfhuizen&#8220; _builder_version=&#8220;4.27.4&#8243; _module_preset=&#8220;default&#8220; global_module=&#8220;18029&#8243; saved_tabs=&#8220;all&#8220; global_colors_info=&#8220;{}&#8220;][et_pb_column type=&#8220;1_3&#8243; _builder_version=&#8220;4.27.4&#8243; _module_preset=&#8220;default&#8220; background_color=&#8220;#54752B&#8220; link_option_url=&#8220;https:\/\/fincalasnuevas.com\/de\/casa-sofia-2-2\/&#8220; border_radii=&#8220;on|5px|5px|5px|5px&#8220; box_shadow_style=&#8220;preset3&#8243; global_colors_info=&#8220;{}&#8220;][et_pb_image src=&#8220;https:\/\/fincalasnuevas.com\/wp-content\/uploads\/2023\/08\/casa-sofia-1-2-personen.jpg&#8220; alt=&#8220;Casa Sofia&#8220; title_text=&#8220;Casa Sofia&#8220; _builder_version=&#8220;4.27.4&#8243; _module_preset=&#8220;default&#8220; custom_margin=&#8220;||10px||false|false&#8220; global_colors_info=&#8220;{}&#8220;][\/et_pb_image][et_pb_text _builder_version=&#8220;4.27.4&#8243; _module_preset=&#8220;default&#8220; text_text_color=&#8220;#E0E6D9&#8243; text_font_size=&#8220;16px&#8220; header_3_text_color=&#8220;#E0E6D9&#8243; custom_margin=&#8220;||||false|false&#8220; custom_padding=&#8220;10px|10px|10px|10px|true|true&#8220; global_colors_info=&#8220;{}&#8220; header_3_text_color__hover_enabled=&#8220;on|hover&#8220; header_3_text_color__hover=&#8220;#F47A36&#8243; text_text_color__hover_enabled=&#8220;on|desktop&#8220; text_text_color__hover=&#8220;#F47A36&#8243;]<\/p>\n<h3>Casa Sofia<\/h3>\n<p>Romantisches Tinyhouse in ehemaliger Heuscheune mit fantastischer Aussicht.<\/p>\n<p>[\/et_pb_text][\/et_pb_column][et_pb_column type=&#8220;1_3&#8243; _builder_version=&#8220;4.21.0&#8243; _module_preset=&#8220;default&#8220; background_color=&#8220;#54752B&#8220; link_option_url=&#8220;https:\/\/fincalasnuevas.com\/de\/casa-carmen-2\/&#8220; border_radii=&#8220;on|5px|5px|5px|5px&#8220; box_shadow_style=&#8220;preset3&#8243; global_colors_info=&#8220;{}&#8220;][et_pb_image src=&#8220;https:\/\/fincalasnuevas.com\/wp-content\/uploads\/2023\/08\/casa-carrmen-1-5-personen.jpg&#8220; alt=&#8220;Casa Carmen&#8220; title_text=&#8220;Casa Carmen&#8220; _builder_version=&#8220;4.21.0&#8243; _module_preset=&#8220;default&#8220; custom_margin=&#8220;||10px||false|false&#8220; global_colors_info=&#8220;{}&#8220;][\/et_pb_image][et_pb_text _builder_version=&#8220;4.21.0&#8243; _module_preset=&#8220;default&#8220; text_text_color=&#8220;#E0E6D9&#8243; text_font_size=&#8220;16px&#8220; header_3_text_color=&#8220;#E0E6D9&#8243; custom_margin=&#8220;||||false|false&#8220; custom_padding=&#8220;10px|10px|10px|10px|true|true&#8220; global_colors_info=&#8220;{}&#8220; header_3_text_color__hover_enabled=&#8220;on|hover&#8220; header_3_text_color__hover=&#8220;#F47A36&#8243; text_text_color__hover_enabled=&#8220;on|desktop&#8220; text_text_color__hover=&#8220;#F47A36&#8243;]<\/p>\n<h3>Casa Carmen<\/h3>\n<p>Gro\u00dfes Ferienhaus mit Kamin und sch\u00f6ner Aussicht.<\/p>\n<p>[\/et_pb_text][\/et_pb_column][et_pb_column type=&#8220;1_3&#8243; _builder_version=&#8220;4.27.4&#8243; _module_preset=&#8220;default&#8220; background_color=&#8220;#54752B&#8220; link_option_url=&#8220;https:\/\/fincalasnuevas.com\/de\/grosse-ferienwohnung-in-andalusien-casa-maria\/&#8220; border_radii=&#8220;on|5px|5px|5px|5px&#8220; box_shadow_style=&#8220;preset3&#8243; global_colors_info=&#8220;{}&#8220;][et_pb_image src=&#8220;https:\/\/fincalasnuevas.com\/wp-content\/uploads\/2025\/04\/Casa-Maria-.jpg&#8220; alt=&#8220;Casa Maria&#8220; title_text=&#8220;Casa Maria &#8220; _builder_version=&#8220;4.27.4&#8243; _module_preset=&#8220;default&#8220; custom_margin=&#8220;||10px||false|false&#8220; global_colors_info=&#8220;{}&#8220;][\/et_pb_image][et_pb_text _builder_version=&#8220;4.27.4&#8243; _module_preset=&#8220;default&#8220; text_text_color=&#8220;#E0E6D9&#8243; text_font_size=&#8220;16px&#8220; header_3_text_color=&#8220;#E0E6D9&#8243; custom_margin=&#8220;||||false|false&#8220; custom_padding=&#8220;10px|10px|10px|10px|true|true&#8220; global_colors_info=&#8220;{}&#8220; header_3_text_color__hover_enabled=&#8220;on|hover&#8220; header_3_text_color__hover=&#8220;#F47A36&#8243; text_text_color__hover_enabled=&#8220;on|desktop&#8220; text_text_color__hover=&#8220;#F47A36&#8243;]<\/p>\n<h3>Casa Maria<\/h3>\n<p>Ger\u00e4umiges Ferienhaus angrenzend an die gro\u00dfe Terrasse.Spacious holiday home adjacent to the large terrace.<\/p>\n<p>[\/et_pb_text][\/et_pb_column][\/et_pb_row][et_pb_row module_id=&#8220;beschikbaarheid&#8220; _builder_version=&#8220;4.22.0&#8243; _module_preset=&#8220;default&#8220; background_color=&#8220;#B5BA05&#8243; custom_margin=&#8220;2em||||false|false&#8220; custom_margin_tablet=&#8220;&#8220; custom_margin_phone=&#8220;0em||||false|false&#8220; custom_margin_last_edited=&#8220;on|phone&#8220; border_radii=&#8220;on|5px|5px|5px|5px&#8220; box_shadow_style=&#8220;preset3&#8243; global_module=&#8220;10255&#8243; saved_tabs=&#8220;all&#8220; global_colors_info=&#8220;{}&#8220;][et_pb_column type=&#8220;4_4&#8243; _builder_version=&#8220;4.21.0&#8243; _module_preset=&#8220;default&#8220; global_colors_info=&#8220;{}&#8220;][et_pb_text _builder_version=&#8220;4.21.0&#8243; _module_preset=&#8220;default&#8220; text_font=&#8220;|600|||||||&#8220; text_text_color=&#8220;#54752B&#8220; header_2_text_align=&#8220;center&#8220; text_orientation=&#8220;center&#8220; global_colors_info=&#8220;{}&#8220;]<\/p>\n<h2>Verf\u00fcgbarkeit und Preise pr\u00fcfen<\/h2>\n<p>Ab 2 N\u00e4chte<\/p>\n<p><form class=ohbe-search-form method=POST><div class=input-group><input name=ohbe_arrival class=ohbe-datepicker-arrival placeholder=\"Anreise\" required readonly data-group-id=69ec4b8b2a6c7><input name=ohbe_departure class=ohbe-datepicker-departure placeholder=\"Abreise\" required readonly data-group-id=69ec4b8b2a6c7><input type=hidden name=ohbe_datepicker_arrival><input type=hidden name=ohbe_datepicker_departure><input name=ohbe_promo class=ohbe-promo placeholder=\"Promotion-Code\"> <input type=hidden name=ispr value=1><button type=submit name=ohbe_search_submit class=\"btn-ohbe ohbe-search-submit\">Suchen<\/button><\/div><\/form>[\/et_pb_text][\/et_pb_column][\/et_pb_row][\/et_pb_section][et_pb_section fb_built=&#8220;1&#8243; _builder_version=&#8220;4.21.0&#8243; _module_preset=&#8220;default&#8220; custom_padding=&#8220;0px||0px||true|false&#8220; global_colors_info=&#8220;{}&#8220;][et_pb_row _builder_version=&#8220;4.21.0&#8243; _module_preset=&#8220;default&#8220; width=&#8220;100%&#8220; max_width=&#8220;100%&#8220; custom_padding=&#8220;0px||0px||true|false&#8220; global_colors_info=&#8220;{}&#8220;][et_pb_column type=&#8220;4_4&#8243; _builder_version=&#8220;4.21.0&#8243; _module_preset=&#8220;default&#8220; global_colors_info=&#8220;{}&#8220;][et_pb_code _builder_version=&#8220;4.22.0&#8243; _module_preset=&#8220;default&#8220; global_colors_info=&#8220;{}&#8220;]<iframe src=\"https:\/\/www.google.com\/maps\/embed?pb=!1m18!1m12!1m3!1d25514.12866108844!2d-4.799974447304566!3d36.931808405477916!2m3!1f0!2f0!3f0!3m2!1i1024!2i768!4f13.1!3m3!1m2!1s0xd72be9311fa8f01%3A0x599abbe8aafbd4b8!2sCaminito%20del%20Rey%20.%20North%20Access!5e0!3m2!1sen!2ses!4v1694426342367!5m2!1sen!2ses\" width=\"100%\" height=\"500\" style=\"border:0;\" allowfullscreen=\"\" loading=\"lazy\" referrerpolicy=\"no-referrer-when-downgrade\"><\/iframe>[\/et_pb_code][\/et_pb_column][\/et_pb_row][\/et_pb_section][et_pb_section fb_built=&#8220;1&#8243; custom_padding_last_edited=&#8220;off|desktop&#8220; admin_label=&#8220;Google Maps kaart&#8220; module_id=&#8220;googlemapskaart&#8220; _builder_version=&#8220;4.22.2&#8243; _module_preset=&#8220;default&#8220; background_color=&#8220;#54752B&#8220; custom_padding=&#8220;||||false|false&#8220; custom_padding_tablet=&#8220;3em||3em||true|false&#8220; custom_padding_phone=&#8220;0em||0em||true|false&#8220; saved_tabs=&#8220;all&#8220; global_colors_info=&#8220;{}&#8220;][\/et_pb_section]<\/p>\n","protected":false},"excerpt":{"rendered":"<p>Der Caminito del Rey, der K\u00f6nigsweg, steht bei vielen unserer G\u00e4ste auf dem Programm. Dieser Weg war fr\u00fcher vor allem Bergsteigern und Wagemutigen bekannt. Seit 2015 ist er f\u00fcr alle schwindelfreien Menschen zug\u00e4nglich. &nbsp; &nbsp;Der Caminito del Rey ist eine Wanderung in der H\u00f6heDer Caminito del Rey f\u00fchrt \u00fcber einen einfachen, aber spektakul\u00e4ren, drei Kilometer [&hellip;]<\/p>\n","protected":false},"author":4,"featured_media":0,"parent":0,"menu_order":0,"comment_status":"closed","ping_status":"closed","template":"","meta":{"_et_pb_use_builder":"on","_et_pb_old_content":"","_et_gb_content_width":"","footnotes":""},"class_list":["post-13797","page","type-page","status-publish","hentry"],"_links":{"self":[{"href":"https:\/\/fincalasnuevas.com\/de\/wp-json\/wp\/v2\/pages\/13797","targetHints":{"allow":["GET"]}}],"collection":[{"href":"https:\/\/fincalasnuevas.com\/de\/wp-json\/wp\/v2\/pages"}],"about":[{"href":"https:\/\/fincalasnuevas.com\/de\/wp-json\/wp\/v2\/types\/page"}],"author":[{"embeddable":true,"href":"https:\/\/fincalasnuevas.com\/de\/wp-json\/wp\/v2\/users\/4"}],"replies":[{"embeddable":true,"href":"https:\/\/fincalasnuevas.com\/de\/wp-json\/wp\/v2\/comments?post=13797"}],"version-history":[{"count":29,"href":"https:\/\/fincalasnuevas.com\/de\/wp-json\/wp\/v2\/pages\/13797\/revisions"}],"predecessor-version":[{"id":18937,"href":"https:\/\/fincalasnuevas.com\/de\/wp-json\/wp\/v2\/pages\/13797\/revisions\/18937"}],"wp:attachment":[{"href":"https:\/\/fincalasnuevas.com\/de\/wp-json\/wp\/v2\/media?parent=13797"}],"curies":[{"name":"wp","href":"https:\/\/api.w.org\/{rel}","templated":true}]}}