{"id":14961,"date":"2023-12-04T07:31:57","date_gmt":"2023-12-04T07:31:57","guid":{"rendered":"https:\/\/www.fincalasnuevas.com\/escalada-en-roca-en-andalucia\/"},"modified":"2025-04-13T15:15:40","modified_gmt":"2025-04-13T15:15:40","slug":"escalada-en-roca-en-andalucia","status":"publish","type":"page","link":"https:\/\/fincalasnuevas.com\/es\/escalada-en-roca-en-andalucia\/","title":{"rendered":"Escalada en roca en Andaluc\u00eda"},"content":{"rendered":"<p>[et_pb_section fb_built=\u00bb1&#8243; fullwidth=\u00bbon\u00bb _builder_version=\u00bb4.23.4&#8243; animation_style=\u00bbslide\u00bb animation_direction=\u00bbtop\u00bb animation_intensity_slide=\u00bb2%\u00bb animation_starting_opacity=\u00bb100%\u00bb global_colors_info=\u00bb{}\u00bb][et_pb_fullwidth_header title=\u00bb@ET-DC@eyJkeW5hbWljIjp0cnVlLCJjb250ZW50IjoicG9zdF90aXRsZSIsInNldHRpbmdzIjp7ImJlZm9yZSI6IjxoMT4iLCJhZnRlciI6IjwvaDE+In19@\u00bb content_max_width=\u00bb900px\u00bb _builder_version=\u00bb4.23.4&#8243; _dynamic_attributes=\u00bbtitle\u00bb title_font=\u00bbLato||||||||\u00bb title_font_size=\u00bb60px\u00bb title_line_height=\u00bb1.2em\u00bb content_font=\u00bb||||||||\u00bb content_font_size=\u00bb20px\u00bb content_line_height=\u00bb1.8em\u00bb background_color=\u00bbrgba(255, 255, 255, 0)\u00bb use_background_color_gradient=\u00bbon\u00bb background_color_gradient_direction=\u00bb90deg\u00bb background_color_gradient_stops=\u00bbrgba(0,0,0,0.75) 0%|rgba(0,0,0,0) 54%\u00bb background_color_gradient_overlays_image=\u00bbon\u00bb background_color_gradient_start=\u00bbrgba(0,0,0,0.75)\u00bb background_color_gradient_end=\u00bbrgba(0,0,0,0)\u00bb background_image=\u00bbhttps:\/\/fincalasnuevas.com\/wp-content\/uploads\/2023\/08\/Rotsklimmen-in-Andalusie.jpeg\u00bb custom_button_one=\u00bbon\u00bb button_one_text_size=\u00bb18px\u00bb button_one_bg_color=\u00bb#02d002&#8243; button_one_border_width=\u00bb8px\u00bb button_one_border_color=\u00bb#02d002&#8243; button_one_border_radius=\u00bb0px\u00bb button_one_letter_spacing=\u00bb1px\u00bb button_one_font=\u00bbLato|700|||||||\u00bb button_one_use_icon=\u00bboff\u00bb custom_button_two=\u00bbon\u00bb button_two_text_size=\u00bb18px\u00bb button_two_text_color=\u00bb#353740&#8243; button_two_bg_color=\u00bb#ffffff\u00bb button_two_border_width=\u00bb8px\u00bb button_two_border_color=\u00bb#ffffff\u00bb button_two_border_radius=\u00bb0px\u00bb button_two_letter_spacing=\u00bb1px\u00bb button_two_font=\u00bbLato|700|||||||\u00bb button_two_use_icon=\u00bboff\u00bb custom_margin=\u00bb|||\u00bb custom_padding=\u00bb10%||10%|\u00bb title_font_size_tablet=\u00bb60px\u00bb title_font_size_phone=\u00bb40px\u00bb title_font_size_last_edited=\u00bbon|phone\u00bb background_last_edited=\u00bbon|phone\u00bb background_position_phone=\u00bbtop_right\u00bb background_horizontal_offset_phone=\u00bb43%\u00bb button_one_letter_spacing_hover=\u00bb1px\u00bb button_two_letter_spacing_hover=\u00bb1px\u00bb global_colors_info=\u00bb{}\u00bb button_one_text_size__hover_enabled=\u00bboff\u00bb button_two_text_size__hover_enabled=\u00bboff\u00bb button_one_text_color__hover_enabled=\u00bboff\u00bb button_two_text_color__hover_enabled=\u00bboff\u00bb button_one_border_width__hover_enabled=\u00bboff\u00bb button_two_border_width__hover_enabled=\u00bboff\u00bb button_one_border_color__hover_enabled=\u00bboff\u00bb button_two_border_color__hover_enabled=\u00bboff\u00bb button_one_border_radius__hover_enabled=\u00bboff\u00bb button_two_border_radius__hover_enabled=\u00bboff\u00bb button_one_letter_spacing__hover_enabled=\u00bbon\u00bb button_one_letter_spacing__hover=\u00bb1px\u00bb button_two_letter_spacing__hover_enabled=\u00bbon\u00bb button_two_letter_spacing__hover=\u00bb1px\u00bb button_one_bg_color__hover_enabled=\u00bboff\u00bb button_two_bg_color__hover_enabled=\u00bboff\u00bb]<\/p>\n<p>Una de las zonas m\u00e1s bellas de Europa para la escalada en roca es El Chorro. Se encuentra a unos 50 kil\u00f3metros al noroeste de M\u00e1laga y del aeropuerto. La Finca Las Nuevas es un buen punto de partida para visitar esta zona.  <\/p>\n<p>&nbsp;<\/p>\n<p>&nbsp;<\/p>\n<p>[\/et_pb_fullwidth_header][\/et_pb_section][et_pb_section fb_built=\u00bb1&#8243; custom_padding_last_edited=\u00bboff|desktop\u00bb admin_label=\u00bbMarket Information Section\u00bb _builder_version=\u00bb4.22.2&#8243; custom_padding=\u00bb||||false|false\u00bb custom_padding_tablet=\u00bb3em||3em||true|false\u00bb custom_padding_phone=\u00bb1em||1em||true|false\u00bb global_colors_info=\u00bb{}\u00bb][et_pb_row column_structure=\u00bb1_3,2_3&#8243; custom_padding_last_edited=\u00bbon|tablet\u00bb admin_label=\u00bbMarket Information Title Area\u00bb _builder_version=\u00bb4.21.0&#8243; custom_padding=\u00bb2em|0px|2em|0px|true|false\u00bb custom_padding_tablet=\u00bb0em|0px|1em|0px|false|false\u00bb custom_padding_phone=\u00bb0px|0px|0px|0px|true|false\u00bb global_colors_info=\u00bb{}\u00bb][et_pb_column type=\u00bb1_3&#8243; _builder_version=\u00bb4.16&#8243; custom_padding=\u00bb|||\u00bb global_colors_info=\u00bb{}\u00bb custom_padding__hover=\u00bb|||\u00bb][et_pb_text admin_label=\u00bbTitle\u00bb _builder_version=\u00bb4.21.0&#8243; text_font=\u00bb||||||||\u00bb header_font=\u00bb||||||||\u00bb header_2_font=\u00bbLato||||||||\u00bb header_2_font_size=\u00bb36px\u00bb header_2_line_height=\u00bb1.5em\u00bb custom_margin=\u00bb||-19px|||\u00bb custom_margin_phone=\u00bb||||false|false\u00bb custom_margin_last_edited=\u00bboff|phone\u00bb custom_padding=\u00bb|||\u00bb custom_padding_phone=\u00bb||||false|false\u00bb custom_padding_last_edited=\u00bboff|phone\u00bb animation_direction=\u00bbleft\u00bb header_2_font_size_tablet=\u00bb36px\u00bb header_2_font_size_phone=\u00bb32px\u00bb header_2_font_size_last_edited=\u00bbon|phone\u00bb global_colors_info=\u00bb{}\u00bb]<\/p>\n<h2>Garganta del Chorro<\/h2>\n<p>[\/et_pb_text][\/et_pb_column][et_pb_column type=\u00bb2_3&#8243; _builder_version=\u00bb4.16&#8243; custom_padding=\u00bb|||\u00bb global_colors_info=\u00bb{}\u00bb custom_padding__hover=\u00bb|||\u00bb][et_pb_text _builder_version=\u00bb4.21.2&#8243; _module_preset=\u00bbdefault\u00bb link_text_color=\u00bb#F47A36&#8243; custom_margin_tablet=\u00bb\u00bb custom_margin_phone=\u00bb||1em||false|false\u00bb custom_margin_last_edited=\u00bbon|phone\u00bb custom_padding_phone=\u00bb||||false|false\u00bb custom_padding_last_edited=\u00bboff|phone\u00bb global_colors_info=\u00bb{}\u00bb link_text_color__hover_enabled=\u00bbon|hover\u00bb link_text_color__hover=\u00bb#B5BA05&#8243;]<\/p>\n<p>La Garganta del Chorro, con paredes de hasta cuatrocientos metros de altura, ofrece un bello escenario para la escalada en roca en Andaluc\u00eda. El r\u00edo Guadalhorce atraviesa esta hermosa garganta. La garganta tiene cuatro kil\u00f3metros de largo y s\u00f3lo diez metros de ancho en algunos tramos. Esto significa que a veces hay que caminar un poco hasta el comienzo de la ruta. Pero merece la pena. El paisaje es realmente hermoso.     <\/p>\n<p>[\/et_pb_text][\/et_pb_column][\/et_pb_row][et_pb_row _builder_version=\u00bb4.21.0&#8243; _module_preset=\u00bbdefault\u00bb background_color=\u00bb#54752B\u00bb custom_padding=\u00bb1em|1em|1em|1em|true|true\u00bb border_radii=\u00bbon|5px|5px|5px|5px\u00bb box_shadow_style=\u00bbpreset3&#8243; global_colors_info=\u00bb{}\u00bb][et_pb_column type=\u00bb4_4&#8243; _builder_version=\u00bb4.21.0&#8243; _module_preset=\u00bbdefault\u00bb global_colors_info=\u00bb{}\u00bb][et_pb_text _builder_version=\u00bb4.23.1&#8243; _module_preset=\u00bbdefault\u00bb text_text_color=\u00bb#E0E6D9&#8243; header_2_text_color=\u00bb#E0E6D9&#8243; global_colors_info=\u00bb{}\u00bb background__hover_enabled=\u00bboff|hover\u00bb background_color__hover=\u00bb#8300E9&#8243; background_enable_color__hover=\u00bbon\u00bb]<\/p>\n<h2>Caminito del Rey<\/h2>\n<p>La Garganta del Chorro is ook de locatie van het het beroemde koningspad, oftewel de<a href=\"https:\/\/fincalasnuevas.com\/caminito-del-rey\/\" target=\"_blank\" rel=\"noopener\"> Caminito del Rey<\/a>. Ooit aangelegd voor de waterkrachtcentrale die daar werd aangelegd. In 2015 is dit oude vlonderpad langs de steile wanden volledig vernieuwd, waardoor het nu een belangrijke toeristentrekker voor de regio is.<\/p>\n<p>[\/et_pb_text][\/et_pb_column][\/et_pb_row][\/et_pb_section][et_pb_section fb_built=\u00bb1&#8243; custom_padding_last_edited=\u00bbon|phone\u00bb admin_label=\u00bbFeature Section\u00bb _builder_version=\u00bb4.22.2&#8243; custom_padding=\u00bb5em||1em||false|false\u00bb custom_padding_tablet=\u00bb0em||1em||false|false\u00bb custom_padding_phone=\u00bb1em||||false|false\u00bb global_colors_info=\u00bb{}\u00bb][et_pb_row column_structure=\u00bb1_2,1_2&#8243; admin_label=\u00bbFeature 02 Area\u00bb _builder_version=\u00bb4.23.4&#8243; background_color=\u00bb#B5BA05&#8243; custom_margin=\u00bb||||false|false\u00bb custom_padding=\u00bb0px|0px|0px|0px\u00bb global_colors_info=\u00bb{}\u00bb][et_pb_column type=\u00bb1_2&#8243; _builder_version=\u00bb4.16&#8243; custom_padding=\u00bb5%|5%|5%|5%\u00bb custom_padding_tablet=\u00bb0px|0px|0px|0px\u00bb custom_padding_last_edited=\u00bboff|desktop\u00bb global_colors_info=\u00bb{}\u00bb padding_tablet=\u00bb0px|0px|0px|0px\u00bb padding_last_edited=\u00bboff|desktop\u00bb custom_padding__hover=\u00bb|||\u00bb][et_pb_text admin_label=\u00bbTitle\u00bb _builder_version=\u00bb4.23.1&#8243; text_font=\u00bb||||||||\u00bb text_font_size=\u00bb16px\u00bb text_line_height=\u00bb1.8em\u00bb header_font=\u00bb||||||||\u00bb header_2_font=\u00bbLato||||||||\u00bb header_2_font_size=\u00bb36px\u00bb header_2_line_height=\u00bb1.5em\u00bb background_layout=\u00bbdark\u00bb module_alignment=\u00bbcenter\u00bb custom_margin=\u00bb||15px|\u00bb custom_padding=\u00bb|||\u00bb animation_direction=\u00bbleft\u00bb header_2_font_size_tablet=\u00bb36px\u00bb header_2_font_size_phone=\u00bb32px\u00bb header_2_font_size_last_edited=\u00bbon|phone\u00bb locked=\u00bboff\u00bb global_colors_info=\u00bb{}\u00bb]<\/p>\n<h2>Escalada en roca en El Chorro<\/h2>\n<p>[\/et_pb_text][et_pb_text _builder_version=\u00bb4.21.0&#8243; text_font=\u00bb||||||||\u00bb text_line_height=\u00bb1.8em\u00bb header_font=\u00bb||||||||\u00bb background_layout=\u00bbdark\u00bb max_width=\u00bb525px\u00bb module_alignment=\u00bbleft\u00bb animation_style=\u00bbflip\u00bb animation_direction=\u00bbleft\u00bb animation_intensity_flip=\u00bb20%\u00bb animation_starting_opacity=\u00bb100%\u00bb locked=\u00bboff\u00bb global_colors_info=\u00bb{}\u00bb]<\/p>\n<p>Hay cientos de v\u00edas para escalar en los alrededores de El Chorro. Algunos dicen que hay m\u00e1s de ochocientas. Las m\u00e1s conocidas son Las Encantadas, Los Cotoes, Makin\u00f3dromo y Las Frontales.  <\/p>\n<p>Las rutas var\u00edan en dificultad, por lo que la zona es adecuada tanto para principiantes como para escaladores de nivel avanzado.<\/p>\n<p>Si deseas pasar el d\u00eda escalando en otra zona, tambi\u00e9n encontrar\u00e1s lugares magn\u00edficos en El Torcal o en la garganta de los Cahorros, algo m\u00e1s alejada.<\/p>\n<p>[\/et_pb_text][\/et_pb_column][et_pb_column type=\u00bb1_2&#8243; _builder_version=\u00bb4.16&#8243; custom_padding=\u00bb|||\u00bb global_colors_info=\u00bb{}\u00bb custom_padding__hover=\u00bb|||\u00bb][et_pb_image src=\u00bbhttps:\/\/fincalasnuevas.com\/wp-content\/uploads\/2023\/08\/klimmen-in-Andalusie.jpeg\u00bb alt=\u00bbescalada en Andaluc\u00eda\u00bb title_text=\u00bbescalada en Andaluc\u00eda\u00bb force_fullwidth=\u00bbon\u00bb align_tablet=\u00bbcenter\u00bb align_phone=\u00bbcenter\u00bb align_last_edited=\u00bbon|desktop\u00bb _builder_version=\u00bb4.21.2&#8243; custom_margin=\u00bb-40px||-40px|\u00bb custom_padding=\u00bb|40px||\u00bb animation_style=\u00bbslide\u00bb animation_direction=\u00bbleft\u00bb animation_intensity_slide=\u00bb8%\u00bb animation_starting_opacity=\u00bb100%\u00bb box_shadow_style=\u00bbpreset1&#8243; box_shadow_blur=\u00bb80px\u00bb global_colors_info=\u00bb{}\u00bb][\/et_pb_image][\/et_pb_column][\/et_pb_row][et_pb_row custom_padding_last_edited=\u00bbon|phone\u00bb admin_label=\u00bbQuote Text Area\u00bb _builder_version=\u00bb4.23.4&#8243; custom_padding=\u00bb2em|0px||0px|false|false\u00bb custom_padding_tablet=\u00bb4em|0px||0px|false|false\u00bb custom_padding_phone=\u00bb4em|0px|0em|0px|false|false\u00bb global_colors_info=\u00bb{}\u00bb][et_pb_column type=\u00bb4_4&#8243; _builder_version=\u00bb4.16&#8243; custom_padding=\u00bb|||\u00bb global_colors_info=\u00bb{}\u00bb custom_padding__hover=\u00bb|||\u00bb][et_pb_text _builder_version=\u00bb4.22.2&#8243; _module_preset=\u00bbdefault\u00bb custom_padding=\u00bb||0px|||\u00bb global_colors_info=\u00bb{}\u00bb]<\/p>\n<h2>Mejor \u00e9poca para escalar en Andaluc\u00eda<\/h2>\n<p>El sur de Espa\u00f1a tiene un agradable clima mediterr\u00e1neo. Los veranos son c\u00e1lidos, aunque demasiado calurosos para la escalada. Pero los inviernos suaves hacen que esta zona sea ideal para escalar en oto\u00f1o e invierno. De octubre a abril es la mejor \u00e9poca para venir a escalar. En invierno, las ma\u00f1anas pueden ser bastante frescas, sobre todo en el desfiladero, donde no suele llegar el sol. Pero siempre se puede encontrar alguna ruta soleada por la zona.     <\/p>\n<p>[\/et_pb_text][\/et_pb_column][\/et_pb_row][\/et_pb_section][et_pb_section fb_built=\u00bb1&#8243; use_custom_gutter=\u00bbon\u00bb gutter_width=\u00bb1&#8243; specialty=\u00bbon\u00bb padding_top_1=\u00bb0px\u00bb padding_bottom_1=\u00bb0px\u00bb admin_label=\u00bbImage Gallery Section\u00bb module_class=\u00bb et_pb_specialty_fullwidth\u00bb _builder_version=\u00bb4.16&#8243; inner_width=\u00bb100%\u00bb inner_width_tablet=\u00bb100%\u00bb inner_width_phone=\u00bb100%\u00bb inner_width_last_edited=\u00bbon|desktop\u00bb inner_max_width=\u00bb100%\u00bb inner_max_width_tablet=\u00bb100%\u00bb inner_max_width_phone=\u00bb100%\u00bb inner_max_width_last_edited=\u00bbon|desktop\u00bb custom_padding=\u00bb0px|0px|0px|0px\u00bb make_fullwidth=\u00bbon\u00bb global_colors_info=\u00bb{}\u00bb][et_pb_column type=\u00bb1_2&#8243; _builder_version=\u00bb4.16&#8243; custom_padding=\u00bb|||\u00bb global_colors_info=\u00bb{}\u00bb custom_padding__hover=\u00bb|||\u00bb][et_pb_image src=\u00bbhttps:\/\/fincalasnuevas.com\/wp-content\/uploads\/2023\/08\/klimmen-in-El-Chorro.jpeg\u00bb alt=\u00bbescalada en El Chorro\u00bb title_text=\u00bbescalada en El Chorro\u00bb force_fullwidth=\u00bbon\u00bb align_tablet=\u00bbcenter\u00bb align_phone=\u00bbcenter\u00bb align_last_edited=\u00bbon|desktop\u00bb admin_label=\u00bbGrote vierkante foto\u00bb _builder_version=\u00bb4.21.2&#8243; custom_margin=\u00bb|||\u00bb box_shadow_style=\u00bbpreset7&#8243; box_shadow_horizontal=\u00bb0px\u00bb box_shadow_vertical=\u00bb0px\u00bb box_shadow_spread=\u00bb8px\u00bb box_shadow_color=\u00bb#ffffff\u00bb locked=\u00bboff\u00bb global_colors_info=\u00bb{}\u00bb][\/et_pb_image][\/et_pb_column][et_pb_column type=\u00bb1_2&#8243; specialty_columns=\u00bb2&#8243; _builder_version=\u00bb4.16&#8243; custom_padding=\u00bb|||\u00bb global_colors_info=\u00bb{}\u00bb custom_padding__hover=\u00bb|||\u00bb][et_pb_row_inner _builder_version=\u00bb4.16&#8243; custom_padding=\u00bb0px|0px|0px|0px\u00bb global_colors_info=\u00bb{}\u00bb][et_pb_column_inner saved_specialty_column_type=\u00bb1_2&#8243; _builder_version=\u00bb3.0.47&#8243; global_colors_info=\u00bb{}\u00bb][et_pb_image src=\u00bbhttps:\/\/fincalasnuevas.com\/wp-content\/uploads\/2023\/08\/Rotsklimmen-in-Zuid-Spanje.jpeg\u00bb alt=\u00bbEscalada en roca en el sur de Espa\u00f1a\u00bb title_text=\u00bbEscalada en roca en el sur de Espa\u00f1a\u00bb force_fullwidth=\u00bbon\u00bb align_tablet=\u00bbcenter\u00bb align_phone=\u00bbcenter\u00bb align_last_edited=\u00bbon|desktop\u00bb admin_label=\u00bbLangwerpige foto\u00bb _builder_version=\u00bb4.21.2&#8243; custom_margin=\u00bb|||\u00bb box_shadow_style=\u00bbpreset7&#8243; box_shadow_horizontal=\u00bb0px\u00bb box_shadow_vertical=\u00bb0px\u00bb box_shadow_spread=\u00bb8px\u00bb box_shadow_color=\u00bb#ffffff\u00bb locked=\u00bboff\u00bb global_colors_info=\u00bb{}\u00bb][\/et_pb_image][\/et_pb_column_inner][\/et_pb_row_inner][et_pb_row_inner column_structure=\u00bb1_2,1_2&#8243; use_custom_gutter=\u00bbon\u00bb gutter_width=\u00bb1&#8243; _builder_version=\u00bb4.16&#8243; custom_padding=\u00bb0px|0px|0px|0px\u00bb global_colors_info=\u00bb{}\u00bb][et_pb_column_inner type=\u00bb1_2&#8243; saved_specialty_column_type=\u00bb1_2&#8243; _builder_version=\u00bb3.0.47&#8243; global_colors_info=\u00bb{}\u00bb][et_pb_image src=\u00bbhttps:\/\/fincalasnuevas.com\/wp-content\/uploads\/2023\/08\/Via-Ferrata-in-Andalusie.jpeg\u00bb alt=\u00bbV\u00eda Ferrata en Andaluc\u00eda\u00bb title_text=\u00bbV\u00eda Ferrata en Andaluc\u00eda\u00bb force_fullwidth=\u00bbon\u00bb align_tablet=\u00bbcenter\u00bb align_phone=\u00bbcenter\u00bb align_last_edited=\u00bbon|desktop\u00bb admin_label=\u00bbKlein vierkante foto links\u00bb _builder_version=\u00bb4.21.2&#8243; custom_margin=\u00bb|||\u00bb box_shadow_style=\u00bbpreset7&#8243; box_shadow_horizontal=\u00bb0px\u00bb box_shadow_vertical=\u00bb0px\u00bb box_shadow_spread=\u00bb8px\u00bb box_shadow_color=\u00bb#ffffff\u00bb locked=\u00bboff\u00bb global_colors_info=\u00bb{}\u00bb][\/et_pb_image][\/et_pb_column_inner][et_pb_column_inner type=\u00bb1_2&#8243; saved_specialty_column_type=\u00bb1_2&#8243; _builder_version=\u00bb3.0.47&#8243; global_colors_info=\u00bb{}\u00bb][et_pb_image src=\u00bbhttps:\/\/fincalasnuevas.com\/wp-content\/uploads\/2023\/08\/Rotsklimmen-in-El-Chorro.jpeg\u00bb alt=\u00bbEscalada en roca en El Chorro\u00bb title_text=\u00bbEscalada en roca en El Chorro\u00bb force_fullwidth=\u00bbon\u00bb align_tablet=\u00bbcenter\u00bb align_phone=\u00bbcenter\u00bb align_last_edited=\u00bbon|desktop\u00bb admin_label=\u00bbKlein vierkante foto rechts\u00bb _builder_version=\u00bb4.21.2&#8243; custom_margin=\u00bb|||\u00bb box_shadow_style=\u00bbpreset7&#8243; box_shadow_horizontal=\u00bb0px\u00bb box_shadow_vertical=\u00bb0px\u00bb box_shadow_spread=\u00bb8px\u00bb box_shadow_color=\u00bb#ffffff\u00bb locked=\u00bboff\u00bb global_colors_info=\u00bb{}\u00bb][\/et_pb_image][\/et_pb_column_inner][\/et_pb_row_inner][\/et_pb_column][\/et_pb_section][et_pb_section fb_built=\u00bb1&#8243; custom_padding_last_edited=\u00bbon|phone\u00bb _builder_version=\u00bb4.24.0&#8243; _module_preset=\u00bbdefault\u00bb custom_padding=\u00bb0px||2em||false|false\u00bb custom_padding_tablet=\u00bb0px||||false|false\u00bb custom_padding_phone=\u00bb0px||||false|false\u00bb saved_tabs=\u00bball\u00bb global_colors_info=\u00bb{}\u00bb][et_pb_row column_structure=\u00bb1_3,1_3,1_3&#8243; use_custom_gutter=\u00bbon\u00bb gutter_width=\u00bb2&#8243; make_equal=\u00bbon\u00bb module_id=\u00bbvijfhuizen\u00bb _builder_version=\u00bb4.27.4&#8243; _module_preset=\u00bbdefault\u00bb saved_tabs=\u00bball\u00bb global_colors_info=\u00bb{}\u00bb global_module=\u00bb18162&#8243; theme_builder_area=\u00bbpost_content\u00bb][et_pb_column type=\u00bb1_3&#8243; _builder_version=\u00bb4.27.4&#8243; _module_preset=\u00bbdefault\u00bb background_color=\u00bb#54752B\u00bb link_option_url=\u00bbhttps:\/\/fincalasnuevas.com\/es\/romantica-tiny-house-en-andalucia-casa-sofia\/\u00bb border_radii=\u00bbon|5px|5px|5px|5px\u00bb box_shadow_style=\u00bbpreset3&#8243; global_colors_info=\u00bb{}\u00bb theme_builder_area=\u00bbpost_content\u00bb][et_pb_image src=\u00bbhttps:\/\/fincalasnuevas.com\/wp-content\/uploads\/2023\/08\/casa-sofia-1-2-personen.jpg\u00bb alt=\u00bbCasa Sofia\u00bb title_text=\u00bbCasa Sofia\u00bb _builder_version=\u00bb4.27.4&#8243; _module_preset=\u00bbdefault\u00bb custom_margin=\u00bb||10px||false|false\u00bb global_colors_info=\u00bb{}\u00bb theme_builder_area=\u00bbpost_content\u00bb][\/et_pb_image][et_pb_text _builder_version=\u00bb4.27.4&#8243; _module_preset=\u00bbdefault\u00bb text_text_color=\u00bb#E0E6D9&#8243; text_font_size=\u00bb16px\u00bb header_3_text_color=\u00bb#E0E6D9&#8243; custom_margin=\u00bb||||false|false\u00bb custom_padding=\u00bb10px|10px|10px|10px|true|true\u00bb global_colors_info=\u00bb{}\u00bb header_3_text_color__hover_enabled=\u00bbon|hover\u00bb header_3_text_color__hover=\u00bb#F47A36&#8243; text_text_color__hover_enabled=\u00bbon|desktop\u00bb text_text_color__hover=\u00bb#F47A36&#8243; theme_builder_area=\u00bbpost_content\u00bb]<\/p>\n<h3>Casa Sofia<\/h3>\n<p>Rom\u00e1ntico tinyhouse en antiguo granero de heno con fant\u00e1sticas vistas.<\/p>\n<p>[\/et_pb_text][\/et_pb_column][et_pb_column type=\u00bb1_3&#8243; _builder_version=\u00bb4.27.4&#8243; _module_preset=\u00bbdefault\u00bb background_color=\u00bb#54752B\u00bb link_option_url=\u00bbhttps:\/\/fincalasnuevas.com\/es\/casa-rural-para-cinco-personas-en-las-colinas-de-malaga-casa-carmen\/\u00bb border_radii=\u00bbon|5px|5px|5px|5px\u00bb box_shadow_style=\u00bbpreset3&#8243; global_colors_info=\u00bb{}\u00bb theme_builder_area=\u00bbpost_content\u00bb][et_pb_image src=\u00bbhttps:\/\/fincalasnuevas.com\/wp-content\/uploads\/2023\/08\/casa-carrmen-1-5-personen.jpg\u00bb alt=\u00bbCasa Carmen\u00bb title_text=\u00bbCasa Carmen\u00bb _builder_version=\u00bb4.21.0&#8243; _module_preset=\u00bbdefault\u00bb custom_margin=\u00bb||10px||false|false\u00bb global_colors_info=\u00bb{}\u00bb theme_builder_area=\u00bbpost_content\u00bb][\/et_pb_image][et_pb_text _builder_version=\u00bb4.21.0&#8243; _module_preset=\u00bbdefault\u00bb text_text_color=\u00bb#E0E6D9&#8243; text_font_size=\u00bb16px\u00bb header_3_text_color=\u00bb#E0E6D9&#8243; custom_margin=\u00bb||||false|false\u00bb custom_padding=\u00bb10px|10px|10px|10px|true|true\u00bb global_colors_info=\u00bb{}\u00bb header_3_text_color__hover_enabled=\u00bbon|hover\u00bb header_3_text_color__hover=\u00bb#F47A36&#8243; text_text_color__hover_enabled=\u00bbon|desktop\u00bb text_text_color__hover=\u00bb#F47A36&#8243; theme_builder_area=\u00bbpost_content\u00bb]<\/p>\n<h3>Casa Carmen<\/h3>\n<p>Gran casa de vacaciones con chimenea y hermosas vistas.<\/p>\n<p>[\/et_pb_text][\/et_pb_column][et_pb_column type=\u00bb1_3&#8243; _builder_version=\u00bb4.27.4&#8243; _module_preset=\u00bbdefault\u00bb background_color=\u00bb#54752B\u00bb link_option_url=\u00bbhttps:\/\/fincalasnuevas.com\/es\/gran-casa-rural-en-andalucia-casa-maria\/\u00bb border_radii=\u00bbon|5px|5px|5px|5px\u00bb box_shadow_style=\u00bbpreset3&#8243; global_colors_info=\u00bb{}\u00bb theme_builder_area=\u00bbpost_content\u00bb][et_pb_image src=\u00bbhttps:\/\/fincalasnuevas.com\/wp-content\/uploads\/2025\/04\/Casa-Maria-.jpg\u00bb alt=\u00bbCasa Maria\u00bb title_text=\u00bbCasa Maria \u00bb _builder_version=\u00bb4.27.4&#8243; _module_preset=\u00bbdefault\u00bb custom_margin=\u00bb||10px||false|false\u00bb global_colors_info=\u00bb{}\u00bb theme_builder_area=\u00bbpost_content\u00bb][\/et_pb_image][et_pb_text _builder_version=\u00bb4.27.4&#8243; _module_preset=\u00bbdefault\u00bb text_text_color=\u00bb#E0E6D9&#8243; text_font_size=\u00bb16px\u00bb header_3_text_color=\u00bb#E0E6D9&#8243; custom_margin=\u00bb||||false|false\u00bb custom_padding=\u00bb10px|10px|10px|10px|true|true\u00bb global_colors_info=\u00bb{}\u00bb header_3_text_color__hover_enabled=\u00bbon|hover\u00bb header_3_text_color__hover=\u00bb#F47A36&#8243; text_text_color__hover_enabled=\u00bbon|desktop\u00bb text_text_color__hover=\u00bb#F47A36&#8243; theme_builder_area=\u00bbpost_content\u00bb]<\/p>\n<h3>Casa Maria<\/h3>\n<p>Casa de vacaciones espaciosa junto a la gran terraza.<\/p>\n<p>[\/et_pb_text][\/et_pb_column][\/et_pb_row][et_pb_row module_id=\u00bbbeschikbaarheid\u00bb _builder_version=\u00bb4.22.0&#8243; _module_preset=\u00bbdefault\u00bb background_color=\u00bb#B5BA05&#8243; custom_margin=\u00bb2em||||false|false\u00bb custom_margin_tablet=\u00bb\u00bb custom_margin_phone=\u00bb0em||||false|false\u00bb custom_margin_last_edited=\u00bbon|phone\u00bb border_radii=\u00bbon|5px|5px|5px|5px\u00bb box_shadow_style=\u00bbpreset3&#8243; global_module=\u00bb16245&#8243; global_colors_info=\u00bb{}\u00bb][et_pb_column type=\u00bb4_4&#8243; _builder_version=\u00bb4.21.0&#8243; _module_preset=\u00bbdefault\u00bb global_colors_info=\u00bb{}\u00bb][et_pb_text _builder_version=\u00bb4.21.0&#8243; _module_preset=\u00bbdefault\u00bb text_font=\u00bb|600|||||||\u00bb text_text_color=\u00bb#54752B\u00bb header_2_text_align=\u00bbcenter\u00bb text_orientation=\u00bbcenter\u00bb global_colors_info=\u00bb{}\u00bb]<\/p>\n<h2>Ver disponibilidad y precios<\/h2>\n<p>Desde 2 noches<\/p>\n<p><form class=ohbe-search-form method=POST><div class=input-group><input name=ohbe_arrival class=ohbe-datepicker-arrival placeholder=\"Llegada\" required readonly data-group-id=69f4aeb6927c5><input name=ohbe_departure class=ohbe-datepicker-departure placeholder=\"Salida\" required readonly data-group-id=69f4aeb6927c5><input type=hidden name=ohbe_datepicker_arrival><input type=hidden name=ohbe_datepicker_departure><input name=ohbe_promo class=ohbe-promo placeholder=\"C\u00f3digo promocional\"> <input type=hidden name=ispr value=1><button type=submit name=ohbe_search_submit class=\"btn-ohbe ohbe-search-submit\">Buscar<\/button><\/div><\/form>[\/et_pb_text][\/et_pb_column][\/et_pb_row][\/et_pb_section][et_pb_section fb_built=\u00bb1&#8243; _builder_version=\u00bb4.21.0&#8243; _module_preset=\u00bbdefault\u00bb custom_padding=\u00bb0px||0px||true|false\u00bb global_colors_info=\u00bb{}\u00bb][et_pb_row _builder_version=\u00bb4.21.0&#8243; _module_preset=\u00bbdefault\u00bb width=\u00bb100%\u00bb max_width=\u00bb100%\u00bb custom_padding=\u00bb0px||0px||true|false\u00bb global_colors_info=\u00bb{}\u00bb][et_pb_column type=\u00bb4_4&#8243; _builder_version=\u00bb4.21.0&#8243; _module_preset=\u00bbdefault\u00bb global_colors_info=\u00bb{}\u00bb][et_pb_code _builder_version=\u00bb4.21.2&#8243; _module_preset=\u00bbdefault\u00bb global_colors_info=\u00bb{}\u00bb]<iframe src=\"https:\/\/www.google.com\/maps\/embed?pb=!1m18!1m12!1m3!1d12760.87990625843!2d-4.771614993571373!3d36.90900454629113!2m3!1f0!2f0!3f0!3m2!1i1024!2i768!4f13.1!3m3!1m2!1s0xd72be59fac76131%3A0x6b8bcd8b4f472807!2sV%C3%ADa%20Ferrata%20El%20Chorro!5e0!3m2!1sen!2ses!4v1691590694129!5m2!1sen!2ses\" width=\"100%\" height=\"500\" style=\"border:0;\" allowfullscreen=\"\" loading=\"lazy\" referrerpolicy=\"no-referrer-when-downgrade\"><\/iframe>[\/et_pb_code][\/et_pb_column][\/et_pb_row][\/et_pb_section]<\/p>\n","protected":false},"excerpt":{"rendered":"<p>Una de las zonas m\u00e1s bellas de Europa para la escalada en roca es El Chorro. Se encuentra a unos 50 kil\u00f3metros al noroeste de M\u00e1laga y del aeropuerto. La Finca Las Nuevas es un buen punto de partida para visitar esta zona. &nbsp; &nbsp;Garganta del ChorroLa Garganta del Chorro, con paredes de hasta cuatrocientos [&hellip;]<\/p>\n","protected":false},"author":1,"featured_media":0,"parent":0,"menu_order":0,"comment_status":"closed","ping_status":"closed","template":"","meta":{"_et_pb_use_builder":"on","_et_pb_old_content":"","_et_gb_content_width":"","footnotes":""},"class_list":["post-14961","page","type-page","status-publish","hentry"],"_links":{"self":[{"href":"https:\/\/fincalasnuevas.com\/es\/wp-json\/wp\/v2\/pages\/14961","targetHints":{"allow":["GET"]}}],"collection":[{"href":"https:\/\/fincalasnuevas.com\/es\/wp-json\/wp\/v2\/pages"}],"about":[{"href":"https:\/\/fincalasnuevas.com\/es\/wp-json\/wp\/v2\/types\/page"}],"author":[{"embeddable":true,"href":"https:\/\/fincalasnuevas.com\/es\/wp-json\/wp\/v2\/users\/1"}],"replies":[{"embeddable":true,"href":"https:\/\/fincalasnuevas.com\/es\/wp-json\/wp\/v2\/comments?post=14961"}],"version-history":[{"count":21,"href":"https:\/\/fincalasnuevas.com\/es\/wp-json\/wp\/v2\/pages\/14961\/revisions"}],"predecessor-version":[{"id":18181,"href":"https:\/\/fincalasnuevas.com\/es\/wp-json\/wp\/v2\/pages\/14961\/revisions\/18181"}],"wp:attachment":[{"href":"https:\/\/fincalasnuevas.com\/es\/wp-json\/wp\/v2\/media?parent=14961"}],"curies":[{"name":"wp","href":"https:\/\/api.w.org\/{rel}","templated":true}]}}