{"id":14997,"date":"2023-09-13T14:32:11","date_gmt":"2023-09-13T14:32:11","guid":{"rendered":"https:\/\/www.fincalasnuevas.com\/el-torcal-un-parque-natural-unico-en-malaga\/"},"modified":"2025-04-13T15:15:24","modified_gmt":"2025-04-13T15:15:24","slug":"el-torcal-un-parque-natural-unico-en-malaga","status":"publish","type":"page","link":"https:\/\/fincalasnuevas.com\/es\/el-torcal-un-parque-natural-unico-en-malaga\/","title":{"rendered":"El Torcal, un parque natural \u00fanico en M\u00e1laga"},"content":{"rendered":"<p>[et_pb_section fb_built=\u00bb1&#8243; fullwidth=\u00bbon\u00bb _builder_version=\u00bb4.21.0&#8243; animation_style=\u00bbslide\u00bb animation_direction=\u00bbtop\u00bb animation_intensity_slide=\u00bb2%\u00bb animation_starting_opacity=\u00bb100%\u00bb global_colors_info=\u00bb{}\u00bb][et_pb_fullwidth_header title=\u00bb@ET-DC@eyJkeW5hbWljIjp0cnVlLCJjb250ZW50IjoicG9zdF90aXRsZSIsInNldHRpbmdzIjp7ImJlZm9yZSI6IjxoMT4iLCJhZnRlciI6IjwvaDE+IiwiZW5hYmxlX2h0bWwiOiJvZmYifX0=@\u00bb content_max_width=\u00bb900px\u00bb _builder_version=\u00bb4.23&#8243; _dynamic_attributes=\u00bbtitle\u00bb title_font=\u00bbLato||||||||\u00bb title_font_size=\u00bb60px\u00bb title_line_height=\u00bb1.2em\u00bb content_font=\u00bb||||||||\u00bb content_font_size=\u00bb20px\u00bb content_line_height=\u00bb1.8em\u00bb background_color=\u00bbrgba(255, 255, 255, 0)\u00bb use_background_color_gradient=\u00bbon\u00bb background_color_gradient_direction=\u00bb166deg\u00bb background_color_gradient_stops=\u00bbrgba(0,0,0,0.75) 0%|rgba(0,0,0,0) 55%\u00bb background_color_gradient_overlays_image=\u00bbon\u00bb background_color_gradient_start=\u00bbrgba(0,0,0,0.75)\u00bb background_color_gradient_end=\u00bbrgba(0,0,0,0)\u00bb background_image=\u00bbhttps:\/\/fincalasnuevas.com\/wp-content\/uploads\/2023\/09\/El-Torcal-een-uniek-natuurpark-in-Malaga.jpeg\u00bb custom_button_one=\u00bbon\u00bb button_one_text_size=\u00bb18px\u00bb button_one_bg_color=\u00bb#02d002&#8243; button_one_border_width=\u00bb8px\u00bb button_one_border_color=\u00bb#02d002&#8243; button_one_border_radius=\u00bb0px\u00bb button_one_letter_spacing=\u00bb1px\u00bb button_one_font=\u00bbLato|700|||||||\u00bb button_one_use_icon=\u00bboff\u00bb custom_button_two=\u00bbon\u00bb button_two_text_size=\u00bb18px\u00bb button_two_text_color=\u00bb#353740&#8243; button_two_bg_color=\u00bb#ffffff\u00bb button_two_border_width=\u00bb8px\u00bb button_two_border_color=\u00bb#ffffff\u00bb button_two_border_radius=\u00bb0px\u00bb button_two_letter_spacing=\u00bb1px\u00bb button_two_font=\u00bbLato|700|||||||\u00bb button_two_use_icon=\u00bboff\u00bb custom_margin=\u00bb|||\u00bb custom_padding=\u00bb10%||10%|\u00bb title_font_size_tablet=\u00bb60px\u00bb title_font_size_phone=\u00bb40px\u00bb title_font_size_last_edited=\u00bbon|phone\u00bb background_last_edited=\u00bbon|phone\u00bb background_position_phone=\u00bbbottom_right\u00bb button_one_letter_spacing_hover=\u00bb1px\u00bb button_two_letter_spacing_hover=\u00bb1px\u00bb global_colors_info=\u00bb{}\u00bb button_one_text_size__hover_enabled=\u00bboff\u00bb button_two_text_size__hover_enabled=\u00bboff\u00bb button_one_text_color__hover_enabled=\u00bboff\u00bb button_two_text_color__hover_enabled=\u00bboff\u00bb button_one_border_width__hover_enabled=\u00bboff\u00bb button_two_border_width__hover_enabled=\u00bboff\u00bb button_one_border_color__hover_enabled=\u00bboff\u00bb button_two_border_color__hover_enabled=\u00bboff\u00bb button_one_border_radius__hover_enabled=\u00bboff\u00bb button_two_border_radius__hover_enabled=\u00bboff\u00bb button_one_letter_spacing__hover_enabled=\u00bbon\u00bb button_one_letter_spacing__hover=\u00bb1px\u00bb button_two_letter_spacing__hover_enabled=\u00bbon\u00bb button_two_letter_spacing__hover=\u00bb1px\u00bb button_one_bg_color__hover_enabled=\u00bboff\u00bb button_two_bg_color__hover_enabled=\u00bboff\u00bb]<\/p>\n<p>El Torcal, un parque natural \u00fanico en M\u00e1laga de visita obligada. La provincia de M\u00e1laga cuenta con numerosos espacios naturales de gran belleza. Cada zona es \u00fanica y diferente. Pero de todos ellos, El Torcal es nuestro lugar favorito, ya que se trata de un sitio muy especial. Desde las casas rurales de Finca Las Nuevas ya se puede ver el especial macizo rocoso del Parque Natural de El Torcal.    <\/p>\n<p>&nbsp;<\/p>\n<p>&nbsp;<\/p>\n<p>[\/et_pb_fullwidth_header][\/et_pb_section][et_pb_section fb_built=\u00bb1&#8243; custom_padding_last_edited=\u00bboff|desktop\u00bb admin_label=\u00bbMarket Information Section\u00bb _builder_version=\u00bb4.22.2&#8243; custom_padding=\u00bb||||false|false\u00bb custom_padding_tablet=\u00bb3em||3em||true|false\u00bb custom_padding_phone=\u00bb1em||1em||true|false\u00bb global_colors_info=\u00bb{}\u00bb][et_pb_row column_structure=\u00bb1_3,2_3&#8243; custom_padding_last_edited=\u00bbon|tablet\u00bb admin_label=\u00bbMarket Information Title Area\u00bb _builder_version=\u00bb4.21.0&#8243; custom_padding=\u00bb2em|0px|2em|0px|true|false\u00bb custom_padding_tablet=\u00bb0em|0px|1em|0px|false|false\u00bb custom_padding_phone=\u00bb0px|0px|0px|0px|true|false\u00bb global_colors_info=\u00bb{}\u00bb][et_pb_column type=\u00bb1_3&#8243; _builder_version=\u00bb4.16&#8243; custom_padding=\u00bb|||\u00bb global_colors_info=\u00bb{}\u00bb custom_padding__hover=\u00bb|||\u00bb][et_pb_text admin_label=\u00bbTitle\u00bb _builder_version=\u00bb4.22.0&#8243; text_font=\u00bb||||||||\u00bb header_font=\u00bb||||||||\u00bb header_2_font=\u00bbLato||||||||\u00bb header_2_font_size=\u00bb36px\u00bb header_2_line_height=\u00bb1.5em\u00bb custom_margin=\u00bb||-19px|||\u00bb custom_margin_phone=\u00bb||||false|false\u00bb custom_margin_last_edited=\u00bboff|phone\u00bb custom_padding=\u00bb|||\u00bb custom_padding_phone=\u00bb||||false|false\u00bb custom_padding_last_edited=\u00bboff|phone\u00bb animation_direction=\u00bbleft\u00bb header_2_font_size_tablet=\u00bb36px\u00bb header_2_font_size_phone=\u00bb32px\u00bb header_2_font_size_last_edited=\u00bbon|phone\u00bb global_colors_info=\u00bb{}\u00bb]<\/p>\n<h2>No te pierdas una visita a El Torcal<\/h2>\n<p>[\/et_pb_text][\/et_pb_column][et_pb_column type=\u00bb2_3&#8243; _builder_version=\u00bb4.16&#8243; custom_padding=\u00bb|||\u00bb global_colors_info=\u00bb{}\u00bb custom_padding__hover=\u00bb|||\u00bb][et_pb_text _builder_version=\u00bb4.22.0&#8243; _module_preset=\u00bbdefault\u00bb link_text_color=\u00bb#F47A36&#8243; custom_margin_tablet=\u00bb\u00bb custom_margin_phone=\u00bb||1em||false|false\u00bb custom_margin_last_edited=\u00bbon|phone\u00bb custom_padding_phone=\u00bb||||false|false\u00bb custom_padding_last_edited=\u00bboff|phone\u00bb global_colors_info=\u00bb{}\u00bb link_text_color__hover_enabled=\u00bbon|hover\u00bb link_text_color__hover=\u00bb#B5BA05&#8243;]<\/p>\n<p>La monta\u00f1a se eleva sobre el paisaje ondulado. A primera vista, s\u00f3lo parece una roca. Pero a medida que te acercas, se abre ante ti todo un mundo nuevo. Caminar, ir en bicicleta o en coche para descubrir uno de los paisajes calc\u00e1reos m\u00e1s bellos y espectaculares garantiza un d\u00eda estupendo.   <\/p>\n<p>Incluso si no puedes caminar muy bien, merece la pena visitar El Torcal. La subida es impresionante. Y una vez arriba, puedes disfrutar de este paisaje \u00fanico desde la terraza del centro de visitantes o caminar hasta el punto de partida, al que se llega por un sendero llano.  <\/p>\n<p>[\/et_pb_text][\/et_pb_column][\/et_pb_row][et_pb_row _builder_version=\u00bb4.21.0&#8243; _module_preset=\u00bbdefault\u00bb background_color=\u00bb#54752B\u00bb custom_padding=\u00bb1em|1em|1em|1em|true|true\u00bb border_radii=\u00bbon|5px|5px|5px|5px\u00bb box_shadow_style=\u00bbpreset3&#8243; global_colors_info=\u00bb{}\u00bb][et_pb_column type=\u00bb4_4&#8243; _builder_version=\u00bb4.21.0&#8243; _module_preset=\u00bbdefault\u00bb global_colors_info=\u00bb{}\u00bb][et_pb_text _builder_version=\u00bb4.22.0&#8243; _module_preset=\u00bbdefault\u00bb text_text_color=\u00bb#E0E6D9&#8243; header_2_text_color=\u00bb#E0E6D9&#8243; global_colors_info=\u00bb{}\u00bb background__hover_enabled=\u00bboff|hover\u00bb background_color__hover=\u00bb#8300E9&#8243; background_enable_color__hover=\u00bbon\u00bb]<\/p>\n<h2>Un poco de historia de El Torcal<\/h2>\n<p>Hace cien millones de a\u00f1os, esta zona estaba por debajo del nivel del mar. Poderosos movimientos empujaron esta zona hacia monta\u00f1as de 1.300 metros. Las monta\u00f1as se formaron a partir de piedra caliza. Como se trata de una roca blanda, el viento y la lluvia tuvieron millones de a\u00f1os para formar estas monta\u00f1as. As\u00ed se formaron las hermosas capas de roca que a\u00fan podemos ver hoy.    <\/p>\n<p>Las rocas parecen una monta\u00f1a de tortitas que se balancean unas sobre otras. Una \u00abtortita\u00bb, o capa, tard\u00f3 un mill\u00f3n de a\u00f1os en formarse. Esto hace de El Torcal un parque natural \u00fanico en M\u00e1laga.  <\/p>\n<p>[\/et_pb_text][\/et_pb_column][\/et_pb_row][\/et_pb_section][et_pb_section fb_built=\u00bb1&#8243; custom_padding_last_edited=\u00bbon|phone\u00bb admin_label=\u00bbFeature Section\u00bb _builder_version=\u00bb4.21.0&#8243; custom_padding=\u00bb5em||1em||false|false\u00bb custom_padding_tablet=\u00bb0em||1em||false|false\u00bb custom_padding_phone=\u00bb1em||||false|false\u00bb global_colors_info=\u00bb{}\u00bb][et_pb_row column_structure=\u00bb1_2,1_2&#8243; admin_label=\u00bbFeature 02 Area\u00bb _builder_version=\u00bb4.22.2&#8243; background_color=\u00bb#B5BA05&#8243; custom_margin=\u00bb||2em||false|false\u00bb custom_padding=\u00bb0px|0px|0px|0px\u00bb global_colors_info=\u00bb{}\u00bb][et_pb_column type=\u00bb1_2&#8243; _builder_version=\u00bb4.16&#8243; custom_padding=\u00bb5%|5%|5%|5%\u00bb custom_padding_tablet=\u00bb0px|0px|0px|0px\u00bb custom_padding_last_edited=\u00bboff|desktop\u00bb global_colors_info=\u00bb{}\u00bb padding_tablet=\u00bb0px|0px|0px|0px\u00bb padding_last_edited=\u00bboff|desktop\u00bb custom_padding__hover=\u00bb|||\u00bb][et_pb_text admin_label=\u00bbTitle\u00bb _builder_version=\u00bb4.22.0&#8243; text_font=\u00bb||||||||\u00bb text_font_size=\u00bb16px\u00bb text_line_height=\u00bb1.8em\u00bb header_font=\u00bb||||||||\u00bb header_2_font=\u00bbLato||||||||\u00bb header_2_font_size=\u00bb36px\u00bb header_2_line_height=\u00bb1.5em\u00bb background_layout=\u00bbdark\u00bb module_alignment=\u00bbcenter\u00bb custom_margin=\u00bb||15px|\u00bb custom_padding=\u00bb|||\u00bb animation_direction=\u00bbleft\u00bb header_2_font_size_tablet=\u00bb36px\u00bb header_2_font_size_phone=\u00bb32px\u00bb header_2_font_size_last_edited=\u00bbon|phone\u00bb locked=\u00bboff\u00bb global_colors_info=\u00bb{}\u00bb]<\/p>\n<h2>El Torcal, un parque natural \u00fanico en M\u00e1laga<\/h2>\n<p>[\/et_pb_text][et_pb_text _builder_version=\u00bb4.22.0&#8243; text_font=\u00bb||||||||\u00bb text_line_height=\u00bb1.8em\u00bb header_font=\u00bb||||||||\u00bb background_layout=\u00bbdark\u00bb max_width=\u00bb525px\u00bb module_alignment=\u00bbleft\u00bb animation_style=\u00bbflip\u00bb animation_direction=\u00bbleft\u00bb animation_intensity_flip=\u00bb20%\u00bb animation_starting_opacity=\u00bb100%\u00bb locked=\u00bboff\u00bb global_colors_info=\u00bb{}\u00bb]<\/p>\n<p>Mires donde mires, no dejar\u00e1n de sorprenderte las espectaculares formaciones rocosas. La zona tiene algo de m\u00edstico. A pesar de ser una atracci\u00f3n tur\u00edstica, el entorno es precioso. Con un poco de suerte, ver\u00e1s cabras montesas saltando de roca en roca.   <\/p>\n<h3>Consejo para El Torcal, un parque natural \u00fanico en M\u00e1laga <\/h3>\n<p>Antes de conducir hasta el parque natural de El Torcal, comprueba que no haya nubes en la monta\u00f1a. Si es as\u00ed, debes llevar un jersey\/chaqueta extra, ya que la temperatura en la cima de la monta\u00f1a puede diferir hasta en 10 grados de la de aqu\u00ed. <\/p>\n<p>Si dispones de unos d\u00edas m\u00e1s de vacaciones, te aconsejamos que vayas a El Torcal en otra ocasi\u00f3n, as\u00ed te asegur\u00e1s de disfrutar de unas buenas vistas.<\/p>\n<p>[\/et_pb_text][\/et_pb_column][et_pb_column type=\u00bb1_2&#8243; _builder_version=\u00bb4.16&#8243; custom_padding=\u00bb|||\u00bb global_colors_info=\u00bb{}\u00bb custom_padding__hover=\u00bb|||\u00bb][et_pb_image src=\u00bbhttps:\/\/fincalasnuevas.com\/wp-content\/uploads\/2023\/09\/El-Torcal-een-uniek-natuurpark.jpeg\u00bb alt=\u00bbEl Torcal, un parque natural \u00fanico\u00bb title_text=\u00bbEl Torcal, un parque natural \u00fanico\u00bb force_fullwidth=\u00bbon\u00bb align_tablet=\u00bbcenter\u00bb align_phone=\u00bbcenter\u00bb align_last_edited=\u00bbon|desktop\u00bb _builder_version=\u00bb4.22.0&#8243; custom_margin=\u00bb-40px||-40px|\u00bb custom_padding=\u00bb|40px||\u00bb animation_style=\u00bbslide\u00bb animation_direction=\u00bbleft\u00bb animation_intensity_slide=\u00bb8%\u00bb animation_starting_opacity=\u00bb100%\u00bb box_shadow_style=\u00bbpreset1&#8243; box_shadow_blur=\u00bb80px\u00bb global_colors_info=\u00bb{}\u00bb][\/et_pb_image][\/et_pb_column][\/et_pb_row][et_pb_row custom_padding_last_edited=\u00bbon|phone\u00bb admin_label=\u00bbQuote Text Area\u00bb _builder_version=\u00bb4.22.2&#8243; custom_padding=\u00bb0em|0px|0em|0px|true|false\u00bb custom_padding_tablet=\u00bb2em|0px||0px|false|false\u00bb custom_padding_phone=\u00bb0em|0px|0em|0px|true|false\u00bb global_colors_info=\u00bb{}\u00bb][et_pb_column type=\u00bb4_4&#8243; _builder_version=\u00bb4.16&#8243; custom_padding=\u00bb|||\u00bb global_colors_info=\u00bb{}\u00bb custom_padding__hover=\u00bb|||\u00bb][et_pb_text _builder_version=\u00bb4.22.0&#8243; _module_preset=\u00bbdefault\u00bb global_colors_info=\u00bb{}\u00bb]<\/p>\n<h2>Parkeren en wandelroutes<\/h2>\n<p>In de weekenden en vakanties kan het druk zijn bij El Torcal. Omdat er boven op de berg beperkte parkeerruimte is, sluiten ze dan vaak de weg naar boven. Waardoor het kan zijn dat je de auto onder aan de berg moet parkeren en dan met de bus of lopend verder moet gaan. Boven is naast de parkeerplaats een klein bezoekerscentrum met restaurant.<\/p>\n<p>Vanaf deze plek starten ook twee bewegwijzerde wandelroutes, waarin je in ons <a href=\"https:\/\/fincalasnuevas.com\/ebooks-met-tips-voor-een-leuke-vakantie-in-andalusie\/\" target=\"_blank\" rel=\"noopener\">ebook<\/a> meer over leest.\u00a0<\/p>\n<p>[\/et_pb_text][et_pb_text _builder_version=\u00bb4.22.0&#8243; _module_preset=\u00bbdefault\u00bb global_colors_info=\u00bb{}\u00bb]<\/p>\n<blockquote>\n<p>Te aconsejamos que traiga tu propia comida para llevar. As\u00ed podr\u00e1s hacer un picnic en un lugar de tu elecci\u00f3n y disfrutar durante m\u00e1s tiempo de este m\u00e1gico lugar. <\/p>\n<\/blockquote>\n<p>[\/et_pb_text][\/et_pb_column][\/et_pb_row][et_pb_row custom_padding_last_edited=\u00bbon|phone\u00bb admin_label=\u00bbQuote Text Area\u00bb _builder_version=\u00bb4.22.2&#8243; custom_padding=\u00bb0em|0px||0px|false|false\u00bb custom_padding_tablet=\u00bb2em|0px||0px|false|false\u00bb custom_padding_phone=\u00bb0em|0px|0em|0px|true|false\u00bb global_colors_info=\u00bb{}\u00bb][et_pb_column type=\u00bb4_4&#8243; _builder_version=\u00bb4.16&#8243; custom_padding=\u00bb|||\u00bb global_colors_info=\u00bb{}\u00bb custom_padding__hover=\u00bb|||\u00bb][et_pb_text _builder_version=\u00bb4.22.0&#8243; _module_preset=\u00bbdefault\u00bb global_colors_info=\u00bb{}\u00bb]<\/p>\n<h2>Combinar El Torcal con Antequera<\/h2>\n<p>Nos encanta hacer combinaciones. A ti tambi\u00e9n. Puedes combinar tu visita al parque natural de El Torcal con una visita a Antequera.  <\/p>\n<p>Esta bonita ciudad se encuentra al otro lado de la monta\u00f1a, a los pies de El Torcal. Y ya que est\u00e1 all\u00ed, quiz\u00e1 tambi\u00e9n quieras visitar el dolmen de <a href=\"https:\/\/fincalasnuevas.com\/antequera-en-de-megalithische-monumenten-op-de-unesco-werelderfgoedlijst\/\" target=\"_blank\" rel=\"noopener\">Antequera<\/a>. <\/p>\n<p>[\/et_pb_text][\/et_pb_column][\/et_pb_row][\/et_pb_section][et_pb_section fb_built=\u00bb1&#8243; use_custom_gutter=\u00bbon\u00bb gutter_width=\u00bb1&#8243; specialty=\u00bbon\u00bb padding_top_1=\u00bb0px\u00bb padding_bottom_1=\u00bb0px\u00bb admin_label=\u00bbImage Gallery Section\u00bb module_class=\u00bb et_pb_specialty_fullwidth\u00bb _builder_version=\u00bb4.16&#8243; inner_width=\u00bb100%\u00bb inner_width_tablet=\u00bb100%\u00bb inner_width_phone=\u00bb100%\u00bb inner_width_last_edited=\u00bbon|desktop\u00bb inner_max_width=\u00bb100%\u00bb inner_max_width_tablet=\u00bb100%\u00bb inner_max_width_phone=\u00bb100%\u00bb inner_max_width_last_edited=\u00bbon|desktop\u00bb custom_padding=\u00bb0px|0px|0px|0px\u00bb make_fullwidth=\u00bbon\u00bb global_colors_info=\u00bb{}\u00bb][et_pb_column type=\u00bb1_2&#8243; _builder_version=\u00bb4.16&#8243; custom_padding=\u00bb|||\u00bb global_colors_info=\u00bb{}\u00bb custom_padding__hover=\u00bb|||\u00bb][et_pb_image src=\u00bbhttps:\/\/fincalasnuevas.com\/wp-content\/uploads\/2023\/09\/El-Torcal-een-magisch-wandelgebied-in-Malaga.jpeg\u00bb alt=\u00bbEl Torcal una m\u00e1gica zona de senderismo en M\u00e1laga\u00bb title_text=\u00bbEl Torcal una m\u00e1gica zona de senderismo en M\u00e1laga\u00bb force_fullwidth=\u00bbon\u00bb align_tablet=\u00bbcenter\u00bb align_phone=\u00bbcenter\u00bb align_last_edited=\u00bbon|desktop\u00bb admin_label=\u00bbGrote vierkante foto\u00bb _builder_version=\u00bb4.22.0&#8243; custom_margin=\u00bb|||\u00bb box_shadow_style=\u00bbpreset7&#8243; box_shadow_horizontal=\u00bb0px\u00bb box_shadow_vertical=\u00bb0px\u00bb box_shadow_spread=\u00bb8px\u00bb box_shadow_color=\u00bb#ffffff\u00bb locked=\u00bboff\u00bb global_colors_info=\u00bb{}\u00bb][\/et_pb_image][\/et_pb_column][et_pb_column type=\u00bb1_2&#8243; specialty_columns=\u00bb2&#8243; _builder_version=\u00bb4.16&#8243; custom_padding=\u00bb|||\u00bb global_colors_info=\u00bb{}\u00bb custom_padding__hover=\u00bb|||\u00bb][et_pb_row_inner _builder_version=\u00bb4.16&#8243; custom_padding=\u00bb0px|0px|0px|0px\u00bb global_colors_info=\u00bb{}\u00bb][et_pb_column_inner saved_specialty_column_type=\u00bb1_2&#8243; _builder_version=\u00bb3.0.47&#8243; global_colors_info=\u00bb{}\u00bb][et_pb_image src=\u00bbhttps:\/\/fincalasnuevas.com\/wp-content\/uploads\/2023\/09\/overzichtsfoto-van-El-Torcal-uniek-natuurpark-bij-Malaga.jpeg\u00bb alt=\u00bbfoto de conjunto del parque natural \u00fanico de El Torcal, cerca de M\u00e1laga\u00bb title_text=\u00bbfoto de conjunto del parque natural \u00fanico de El Torcal, cerca de M\u00e1laga\u00bb force_fullwidth=\u00bbon\u00bb align_tablet=\u00bbcenter\u00bb align_phone=\u00bbcenter\u00bb align_last_edited=\u00bbon|desktop\u00bb admin_label=\u00bbLangwerpige foto\u00bb _builder_version=\u00bb4.22.0&#8243; custom_margin=\u00bb|||\u00bb box_shadow_style=\u00bbpreset7&#8243; box_shadow_horizontal=\u00bb0px\u00bb box_shadow_vertical=\u00bb0px\u00bb box_shadow_spread=\u00bb8px\u00bb box_shadow_color=\u00bb#ffffff\u00bb locked=\u00bboff\u00bb global_colors_info=\u00bb{}\u00bb][\/et_pb_image][\/et_pb_column_inner][\/et_pb_row_inner][et_pb_row_inner column_structure=\u00bb1_2,1_2&#8243; use_custom_gutter=\u00bbon\u00bb gutter_width=\u00bb1&#8243; _builder_version=\u00bb4.16&#8243; custom_padding=\u00bb0px|0px|0px|0px\u00bb global_colors_info=\u00bb{}\u00bb][et_pb_column_inner type=\u00bb1_2&#8243; saved_specialty_column_type=\u00bb1_2&#8243; _builder_version=\u00bb3.0.47&#8243; global_colors_info=\u00bb{}\u00bb][et_pb_image src=\u00bbhttps:\/\/fincalasnuevas.com\/wp-content\/uploads\/2023\/09\/Berggeit-bij-El-Torcal.jpeg\u00bb alt=\u00bbCabra mont\u00e9s en El Torcal\u00bb title_text=\u00bbCabra mont\u00e9s en El Torcal\u00bb force_fullwidth=\u00bbon\u00bb align_tablet=\u00bbcenter\u00bb align_phone=\u00bbcenter\u00bb align_last_edited=\u00bbon|desktop\u00bb admin_label=\u00bbKlein vierkante foto links\u00bb _builder_version=\u00bb4.22.0&#8243; custom_margin=\u00bb|||\u00bb box_shadow_style=\u00bbpreset7&#8243; box_shadow_horizontal=\u00bb0px\u00bb box_shadow_vertical=\u00bb0px\u00bb box_shadow_spread=\u00bb8px\u00bb box_shadow_color=\u00bb#ffffff\u00bb locked=\u00bboff\u00bb global_colors_info=\u00bb{}\u00bb][\/et_pb_image][\/et_pb_column_inner][et_pb_column_inner type=\u00bb1_2&#8243; saved_specialty_column_type=\u00bb1_2&#8243; _builder_version=\u00bb3.0.47&#8243; global_colors_info=\u00bb{}\u00bb][et_pb_image src=\u00bbhttps:\/\/fincalasnuevas.com\/wp-content\/uploads\/2023\/09\/El-Torcal-onze-favoriete-plek.jpeg\u00bb alt=\u00bbEl Torcal nuestro lugar favorito\u00bb title_text=\u00bbEl Torcal nuestro lugar favorito\u00bb force_fullwidth=\u00bbon\u00bb align_tablet=\u00bbcenter\u00bb align_phone=\u00bbcenter\u00bb align_last_edited=\u00bbon|desktop\u00bb admin_label=\u00bbKlein vierkante foto rechts\u00bb _builder_version=\u00bb4.22.0&#8243; custom_margin=\u00bb|||\u00bb box_shadow_style=\u00bbpreset7&#8243; box_shadow_horizontal=\u00bb0px\u00bb box_shadow_vertical=\u00bb0px\u00bb box_shadow_spread=\u00bb8px\u00bb box_shadow_color=\u00bb#ffffff\u00bb locked=\u00bboff\u00bb global_colors_info=\u00bb{}\u00bb][\/et_pb_image][\/et_pb_column_inner][\/et_pb_row_inner][\/et_pb_column][\/et_pb_section][et_pb_section fb_built=\u00bb1&#8243; custom_padding_last_edited=\u00bbon|phone\u00bb admin_label=\u00bbFeature Section\u00bb _builder_version=\u00bb4.21.0&#8243; custom_padding=\u00bb3em||3em||true|false\u00bb custom_padding_tablet=\u00bb3em||3em||true|false\u00bb custom_padding_phone=\u00bb0em||0em||true|false\u00bb global_colors_info=\u00bb{}\u00bb][et_pb_row _builder_version=\u00bb4.21.0&#8243; _module_preset=\u00bbdefault\u00bb global_colors_info=\u00bb{}\u00bb][et_pb_column type=\u00bb4_4&#8243; _builder_version=\u00bb4.21.0&#8243; _module_preset=\u00bbdefault\u00bb global_colors_info=\u00bb{}\u00bb][et_pb_video src=\u00bbhttps:\/\/youtu.be\/qflm8gBflL0&#8243; _builder_version=\u00bb4.22.0&#8243; _module_preset=\u00bbdefault\u00bb box_shadow_style=\u00bbpreset3&#8243; global_colors_info=\u00bb{}\u00bb][\/et_pb_video][\/et_pb_column][\/et_pb_row][\/et_pb_section][et_pb_section fb_built=\u00bb1&#8243; custom_padding_last_edited=\u00bbon|phone\u00bb _builder_version=\u00bb4.22.2&#8243; _module_preset=\u00bbdefault\u00bb custom_padding=\u00bb0px||3em||false|false\u00bb custom_padding_tablet=\u00bb0px||||false|false\u00bb custom_padding_phone=\u00bb0px||2em||false|false\u00bb saved_tabs=\u00bball\u00bb global_colors_info=\u00bb{}\u00bb][et_pb_row column_structure=\u00bb1_3,1_3,1_3&#8243; use_custom_gutter=\u00bbon\u00bb gutter_width=\u00bb2&#8243; make_equal=\u00bbon\u00bb module_id=\u00bbvijfhuizen\u00bb _builder_version=\u00bb4.27.4&#8243; _module_preset=\u00bbdefault\u00bb saved_tabs=\u00bball\u00bb global_colors_info=\u00bb{}\u00bb global_module=\u00bb18162&#8243; theme_builder_area=\u00bbpost_content\u00bb][et_pb_column type=\u00bb1_3&#8243; _builder_version=\u00bb4.27.4&#8243; _module_preset=\u00bbdefault\u00bb background_color=\u00bb#54752B\u00bb link_option_url=\u00bbhttps:\/\/fincalasnuevas.com\/es\/romantica-tiny-house-en-andalucia-casa-sofia\/\u00bb border_radii=\u00bbon|5px|5px|5px|5px\u00bb box_shadow_style=\u00bbpreset3&#8243; global_colors_info=\u00bb{}\u00bb theme_builder_area=\u00bbpost_content\u00bb][et_pb_image src=\u00bbhttps:\/\/fincalasnuevas.com\/wp-content\/uploads\/2023\/08\/casa-sofia-1-2-personen.jpg\u00bb alt=\u00bbCasa Sofia\u00bb title_text=\u00bbCasa Sofia\u00bb _builder_version=\u00bb4.27.4&#8243; _module_preset=\u00bbdefault\u00bb custom_margin=\u00bb||10px||false|false\u00bb global_colors_info=\u00bb{}\u00bb theme_builder_area=\u00bbpost_content\u00bb][\/et_pb_image][et_pb_text _builder_version=\u00bb4.27.4&#8243; _module_preset=\u00bbdefault\u00bb text_text_color=\u00bb#E0E6D9&#8243; text_font_size=\u00bb16px\u00bb header_3_text_color=\u00bb#E0E6D9&#8243; custom_margin=\u00bb||||false|false\u00bb custom_padding=\u00bb10px|10px|10px|10px|true|true\u00bb global_colors_info=\u00bb{}\u00bb header_3_text_color__hover_enabled=\u00bbon|hover\u00bb header_3_text_color__hover=\u00bb#F47A36&#8243; text_text_color__hover_enabled=\u00bbon|desktop\u00bb text_text_color__hover=\u00bb#F47A36&#8243; theme_builder_area=\u00bbpost_content\u00bb]<\/p>\n<h3>Casa Sofia<\/h3>\n<p>Rom\u00e1ntico tinyhouse en antiguo granero de heno con fant\u00e1sticas vistas.<\/p>\n<p>[\/et_pb_text][\/et_pb_column][et_pb_column type=\u00bb1_3&#8243; _builder_version=\u00bb4.27.4&#8243; _module_preset=\u00bbdefault\u00bb background_color=\u00bb#54752B\u00bb link_option_url=\u00bbhttps:\/\/fincalasnuevas.com\/es\/casa-rural-para-cinco-personas-en-las-colinas-de-malaga-casa-carmen\/\u00bb border_radii=\u00bbon|5px|5px|5px|5px\u00bb box_shadow_style=\u00bbpreset3&#8243; global_colors_info=\u00bb{}\u00bb theme_builder_area=\u00bbpost_content\u00bb][et_pb_image src=\u00bbhttps:\/\/fincalasnuevas.com\/wp-content\/uploads\/2023\/08\/casa-carrmen-1-5-personen.jpg\u00bb alt=\u00bbCasa Carmen\u00bb title_text=\u00bbCasa Carmen\u00bb _builder_version=\u00bb4.21.0&#8243; _module_preset=\u00bbdefault\u00bb custom_margin=\u00bb||10px||false|false\u00bb global_colors_info=\u00bb{}\u00bb theme_builder_area=\u00bbpost_content\u00bb][\/et_pb_image][et_pb_text _builder_version=\u00bb4.21.0&#8243; _module_preset=\u00bbdefault\u00bb text_text_color=\u00bb#E0E6D9&#8243; text_font_size=\u00bb16px\u00bb header_3_text_color=\u00bb#E0E6D9&#8243; custom_margin=\u00bb||||false|false\u00bb custom_padding=\u00bb10px|10px|10px|10px|true|true\u00bb global_colors_info=\u00bb{}\u00bb header_3_text_color__hover_enabled=\u00bbon|hover\u00bb header_3_text_color__hover=\u00bb#F47A36&#8243; text_text_color__hover_enabled=\u00bbon|desktop\u00bb text_text_color__hover=\u00bb#F47A36&#8243; theme_builder_area=\u00bbpost_content\u00bb]<\/p>\n<h3>Casa Carmen<\/h3>\n<p>Gran casa de vacaciones con chimenea y hermosas vistas.<\/p>\n<p>[\/et_pb_text][\/et_pb_column][et_pb_column type=\u00bb1_3&#8243; _builder_version=\u00bb4.27.4&#8243; _module_preset=\u00bbdefault\u00bb background_color=\u00bb#54752B\u00bb link_option_url=\u00bbhttps:\/\/fincalasnuevas.com\/es\/gran-casa-rural-en-andalucia-casa-maria\/\u00bb border_radii=\u00bbon|5px|5px|5px|5px\u00bb box_shadow_style=\u00bbpreset3&#8243; global_colors_info=\u00bb{}\u00bb theme_builder_area=\u00bbpost_content\u00bb][et_pb_image src=\u00bbhttps:\/\/fincalasnuevas.com\/wp-content\/uploads\/2025\/04\/Casa-Maria-.jpg\u00bb alt=\u00bbCasa Maria\u00bb title_text=\u00bbCasa Maria \u00bb _builder_version=\u00bb4.27.4&#8243; _module_preset=\u00bbdefault\u00bb custom_margin=\u00bb||10px||false|false\u00bb global_colors_info=\u00bb{}\u00bb theme_builder_area=\u00bbpost_content\u00bb][\/et_pb_image][et_pb_text _builder_version=\u00bb4.27.4&#8243; _module_preset=\u00bbdefault\u00bb text_text_color=\u00bb#E0E6D9&#8243; text_font_size=\u00bb16px\u00bb header_3_text_color=\u00bb#E0E6D9&#8243; custom_margin=\u00bb||||false|false\u00bb custom_padding=\u00bb10px|10px|10px|10px|true|true\u00bb global_colors_info=\u00bb{}\u00bb header_3_text_color__hover_enabled=\u00bbon|hover\u00bb header_3_text_color__hover=\u00bb#F47A36&#8243; text_text_color__hover_enabled=\u00bbon|desktop\u00bb text_text_color__hover=\u00bb#F47A36&#8243; theme_builder_area=\u00bbpost_content\u00bb]<\/p>\n<h3>Casa Maria<\/h3>\n<p>Casa de vacaciones espaciosa junto a la gran terraza.<\/p>\n<p>[\/et_pb_text][\/et_pb_column][\/et_pb_row][et_pb_row module_id=\u00bbbeschikbaarheid\u00bb _builder_version=\u00bb4.22.0&#8243; _module_preset=\u00bbdefault\u00bb background_color=\u00bb#B5BA05&#8243; custom_margin=\u00bb2em||||false|false\u00bb custom_margin_tablet=\u00bb\u00bb custom_margin_phone=\u00bb0em||||false|false\u00bb custom_margin_last_edited=\u00bbon|phone\u00bb border_radii=\u00bbon|5px|5px|5px|5px\u00bb box_shadow_style=\u00bbpreset3&#8243; global_module=\u00bb10255&#8243; saved_tabs=\u00bball\u00bb global_colors_info=\u00bb{}\u00bb][et_pb_column type=\u00bb4_4&#8243; _builder_version=\u00bb4.21.0&#8243; _module_preset=\u00bbdefault\u00bb global_colors_info=\u00bb{}\u00bb][et_pb_text _builder_version=\u00bb4.21.0&#8243; _module_preset=\u00bbdefault\u00bb text_font=\u00bb|600|||||||\u00bb text_text_color=\u00bb#54752B\u00bb header_2_text_align=\u00bbcenter\u00bb text_orientation=\u00bbcenter\u00bb global_colors_info=\u00bb{}\u00bb]<\/p>\n<h2>Ver disponibilidad y precios<\/h2>\n<p>Desde 2 noches<\/p>\n<p><form class=ohbe-search-form method=POST><div class=input-group><input name=ohbe_arrival class=ohbe-datepicker-arrival placeholder=\"Llegada\" required readonly data-group-id=69f3516f4504a><input name=ohbe_departure class=ohbe-datepicker-departure placeholder=\"Salida\" required readonly data-group-id=69f3516f4504a><input type=hidden name=ohbe_datepicker_arrival><input type=hidden name=ohbe_datepicker_departure><input name=ohbe_promo class=ohbe-promo placeholder=\"C\u00f3digo promocional\"> <input type=hidden name=ispr value=1><button type=submit name=ohbe_search_submit class=\"btn-ohbe ohbe-search-submit\">Buscar<\/button><\/div><\/form>[\/et_pb_text][\/et_pb_column][\/et_pb_row][\/et_pb_section][et_pb_section fb_built=\u00bb1&#8243; _builder_version=\u00bb4.21.0&#8243; _module_preset=\u00bbdefault\u00bb custom_padding=\u00bb0px||0px||true|false\u00bb global_module=\u00bb11400&#8243; saved_tabs=\u00bball\u00bb global_colors_info=\u00bb{}\u00bb][et_pb_row _builder_version=\u00bb4.21.0&#8243; _module_preset=\u00bbdefault\u00bb width=\u00bb100%\u00bb max_width=\u00bb100%\u00bb custom_padding=\u00bb0px||0px||true|false\u00bb global_colors_info=\u00bb{}\u00bb][et_pb_column type=\u00bb4_4&#8243; _builder_version=\u00bb4.21.0&#8243; _module_preset=\u00bbdefault\u00bb global_colors_info=\u00bb{}\u00bb][et_pb_code _builder_version=\u00bb4.23.4&#8243; _module_preset=\u00bbdefault\u00bb global_colors_info=\u00bb{}\u00bb]<iframe src=\"https:\/\/www.google.com\/maps\/embed?pb=!1m14!1m8!1m3!1d144565.58927138685!2d-4.60037213933073!3d36.80705479378462!3m2!1i1024!2i768!4f13.1!3m3!1m2!1s0xd72ec7ed779a96b%3A0xb312a6cb487f0c9f!2sFinca%20Las%20Nuevas!5e0!3m2!1sen!2sfr!4v1704567237083!5m2!1sen!2sfr\" width=\"100%\" height=\"500\" style=\"border:0;\" allowfullscreen=\"\" loading=\"lazy\" referrerpolicy=\"no-referrer-when-downgrade\"><\/iframe>[\/et_pb_code][\/et_pb_column][\/et_pb_row][\/et_pb_section]<\/p>\n","protected":false},"excerpt":{"rendered":"<p>El Torcal, un parque natural \u00fanico en M\u00e1laga de visita obligada. La provincia de M\u00e1laga cuenta con numerosos espacios naturales de gran belleza. Cada zona es \u00fanica y diferente. Pero de todos ellos, El Torcal es nuestro lugar favorito, ya que se trata de un sitio muy especial. Desde las casas rurales de Finca Las [&hellip;]<\/p>\n","protected":false},"author":4,"featured_media":0,"parent":0,"menu_order":0,"comment_status":"closed","ping_status":"closed","template":"","meta":{"_et_pb_use_builder":"on","_et_pb_old_content":"","_et_gb_content_width":"","footnotes":""},"class_list":["post-14997","page","type-page","status-publish","hentry"],"_links":{"self":[{"href":"https:\/\/fincalasnuevas.com\/es\/wp-json\/wp\/v2\/pages\/14997","targetHints":{"allow":["GET"]}}],"collection":[{"href":"https:\/\/fincalasnuevas.com\/es\/wp-json\/wp\/v2\/pages"}],"about":[{"href":"https:\/\/fincalasnuevas.com\/es\/wp-json\/wp\/v2\/types\/page"}],"author":[{"embeddable":true,"href":"https:\/\/fincalasnuevas.com\/es\/wp-json\/wp\/v2\/users\/4"}],"replies":[{"embeddable":true,"href":"https:\/\/fincalasnuevas.com\/es\/wp-json\/wp\/v2\/comments?post=14997"}],"version-history":[{"count":15,"href":"https:\/\/fincalasnuevas.com\/es\/wp-json\/wp\/v2\/pages\/14997\/revisions"}],"predecessor-version":[{"id":18180,"href":"https:\/\/fincalasnuevas.com\/es\/wp-json\/wp\/v2\/pages\/14997\/revisions\/18180"}],"wp:attachment":[{"href":"https:\/\/fincalasnuevas.com\/es\/wp-json\/wp\/v2\/media?parent=14997"}],"curies":[{"name":"wp","href":"https:\/\/api.w.org\/{rel}","templated":true}]}}